{"id":4649,"date":"2021-01-13T16:29:55","date_gmt":"2021-01-13T16:29:55","guid":{"rendered":"https:\/\/smartmag.theme-sphere.com\/mag-studio\/"},"modified":"2026-08-26T10:26:32","modified_gmt":"2026-08-26T08:26:32","slug":"homepage","status":"publish","type":"page","link":"https:\/\/banulbotosanean.ro\/","title":{"rendered":"Banul Boto\u0219\u0103nean &#8211; \u0218tiri Boto\u0219ani"},"content":{"rendered":"\t\t<div data-elementor-type=\"wp-page\" data-elementor-id=\"4649\" class=\"elementor elementor-4649\">\n\t\t\t\t\t\t<section class=\"has-el-gap el-gap-default elementor-section elementor-top-section elementor-element elementor-element-2079f280 is-full-xs elementor-section-boxed elementor-section-height-default elementor-section-height-default\" data-id=\"2079f280\" data-element_type=\"section\" data-e-type=\"section\">\n\t\t\t\t\t\t<div class=\"elementor-container elementor-column-gap-no\">\n\t\t\t\t\t<div class=\"elementor-column elementor-col-100 elementor-top-column elementor-element elementor-element-c7f6d74\" data-id=\"c7f6d74\" data-element_type=\"column\" data-e-type=\"column\">\n\t\t\t<div class=\"elementor-widget-wrap elementor-element-populated\">\n\t\t\t\t\t\t<div class=\"elementor-element elementor-element-16e2d4ee elementor-widget elementor-widget-smartmag-featgrid\" data-id=\"16e2d4ee\" data-element_type=\"widget\" data-e-type=\"widget\" data-widget_type=\"smartmag-featgrid.default\">\n\t\t\t\t<div class=\"elementor-widget-container\">\n\t\t\t\t\t\t\t<section class=\"block-wrap block-feat-grid block-sc mb-none\" data-id=\"1\">\n\n\t\t\t\t\n\t\t\t<div class=\"block-content\">\n\t\t\t\t\t\n<section class=\"feat-grid feat-grid-b static feat-grid-ratio\">\n\n\t<div class=\"slides\" data-parallax>\n\t\n\t\n\t\t\t\t\t<div class=\"items-wrap slide-wrap\">\n\t\t\t\t\t\n\t\t\t\t\t\t\t\n\t\t\t\t<div class=\"item item-large item-main item-1 pos-bot\">\n\n\t\t\t\t\t\n<article class=\"l-post grid-overlay grid-overlay-a hover-zoom\">\n\n\t\n\t\t\t<div class=\"media\">\n\n\t\t\n\t\t\t<a href=\"https:\/\/banulbotosanean.ro\/index.php\/2026\/09\/04\/comunicat-de-presa-inceput-proiect-re-tex-reutilizare-transformare-textila-in-cadrul-firmei-prisma-com\/\" class=\"image-link\" title=\"COMUNICAT DE PRES\u0102: \u00cenceput proiect \u201eRE-TEX \u2013 Reutilizare &#038; Transformare Textil\u0103 \u00een cadrul firmei PRISMA COM\u201d\"><img fetchpriority=\"high\" decoding=\"async\" width=\"762\" height=\"429\" src=\"https:\/\/banulbotosanean.ro\/wp-content\/uploads\/2026\/09\/Cel-mai-greu-traseu-din-Champion-League-1024x576.png\" class=\"attachment-large size-large wp-post-image\" alt=\"\" sizes=\"(max-width: 810px) 100vw, 810px\" title=\"COMUNICAT DE PRES\u0102: \u00cenceput proiect \u201eRE-TEX \u2013 Reutilizare &#038; Transformare Textil\u0103 \u00een cadrul firmei PRISMA COM\u201d\" srcset=\"https:\/\/banulbotosanean.ro\/wp-content\/uploads\/2026\/09\/Cel-mai-greu-traseu-din-Champion-League-1024x576.png 1024w, https:\/\/banulbotosanean.ro\/wp-content\/uploads\/2026\/09\/Cel-mai-greu-traseu-din-Champion-League-300x169.png 300w, https:\/\/banulbotosanean.ro\/wp-content\/uploads\/2026\/09\/Cel-mai-greu-traseu-din-Champion-League-768x432.png 768w, https:\/\/banulbotosanean.ro\/wp-content\/uploads\/2026\/09\/Cel-mai-greu-traseu-din-Champion-League-150x84.png 150w, https:\/\/banulbotosanean.ro\/wp-content\/uploads\/2026\/09\/Cel-mai-greu-traseu-din-Champion-League-450x253.png 450w, https:\/\/banulbotosanean.ro\/wp-content\/uploads\/2026\/09\/Cel-mai-greu-traseu-din-Champion-League-1200x675.png 1200w, https:\/\/banulbotosanean.ro\/wp-content\/uploads\/2026\/09\/Cel-mai-greu-traseu-din-Champion-League.png 1280w\"><\/a>\t\t\t\n\t\t\t\n\t\t\t\n\t\t\t\n\t\t\n\t\t<\/div>\n\t\n\n\t\t\t<div class=\"content-wrap\">\n\t\n\t\t<div class=\"content\">\n\n\t\t\t<div class=\"post-meta post-meta-a meta-contrast has-below\"><div class=\"post-meta-items meta-above\"><span class=\"meta-item cat-labels\">\n\t\t\t\t\t\t\n\t\t\t\t\t\t<a href=\"https:\/\/banulbotosanean.ro\/index.php\/category\/economic\/\" class=\"category term-color-7\" rel=\"category\" tabindex=\"-1\">Economic<\/a>\n\t\t\t\t\t<\/span>\n\t\t\t\t\t<\/div><h2 class=\"is-title post-title\"><a href=\"https:\/\/banulbotosanean.ro\/index.php\/2026\/09\/04\/comunicat-de-presa-inceput-proiect-re-tex-reutilizare-transformare-textila-in-cadrul-firmei-prisma-com\/\">COMUNICAT DE PRES\u0102: \u00cenceput proiect \u201eRE-TEX \u2013 Reutilizare &#038; Transformare Textil\u0103 \u00een cadrul firmei PRISMA COM\u201d<\/a><\/h2><div class=\"post-meta-items meta-below\"><span class=\"meta-item post-author\"><a href=\"https:\/\/banulbotosanean.ro\/author\/admin_d8io9be9\/\" rel=\"author\"><\/a><\/span><span class=\"meta-item date\"><span class=\"date-link\"><time class=\"post-date\" datetime=\"2026-09-04T13:36:39+02:00\">4 septembrie 2026<\/time><\/span><\/span><\/div><\/div>\t\t\t\n\t\t\t\n\t\t\t\n\t\t<\/div>\n\n\t\t\t<\/div>\n\t\n<\/article>\n\t\t\t\t<\/div>\n\t\t\t\t\t\t\t\n\t\t\t\t\t\t\t\n\t\t\t\t<div class=\"item item-medium item-2 pos-bot\">\n\n\t\t\t\t\t\n<article class=\"l-post grid-overlay grid-overlay-a hover-zoom\">\n\n\t\n\t\t\t<div class=\"media\">\n\n\t\t\n\t\t\t<a href=\"https:\/\/banulbotosanean.ro\/index.php\/2026\/09\/04\/festivalul-de-epigrame-si-umor-grafic-cik-damadian-aduce-spectacole-si-vizite-culturale-la-botosani-pe-4-5-septembrie\/\" class=\"image-link\" title=\"Festivalul de Epigrame \u0219i Umor Grafic \u201eCik Damadian&#8221; aduce spectacole \u0219i vizite culturale la Boto\u0219ani, pe 4-5 septembrie\"><img decoding=\"async\" width=\"450\" height=\"636\" src=\"https:\/\/banulbotosanean.ro\/wp-content\/uploads\/2026\/09\/cikdamadian_botosani-450x636.jpeg\" class=\"attachment-bunyad-medium size-bunyad-medium wp-post-image\" alt=\"\" sizes=\"(max-width: 768px) 50vw, 400px\" title=\"Festivalul de Epigrame \u0219i Umor Grafic \u201eCik Damadian&#8221; aduce spectacole \u0219i vizite culturale la Boto\u0219ani, pe 4-5 septembrie\" srcset=\"https:\/\/banulbotosanean.ro\/wp-content\/uploads\/2026\/09\/cikdamadian_botosani-450x636.jpeg 450w, https:\/\/banulbotosanean.ro\/wp-content\/uploads\/2026\/09\/cikdamadian_botosani-725x1024.jpeg 725w, https:\/\/banulbotosanean.ro\/wp-content\/uploads\/2026\/09\/cikdamadian_botosani-768x1085.jpeg 768w, https:\/\/banulbotosanean.ro\/wp-content\/uploads\/2026\/09\/cikdamadian_botosani-1088x1536.jpeg 1088w, https:\/\/banulbotosanean.ro\/wp-content\/uploads\/2026\/09\/cikdamadian_botosani-1200x1695.jpeg 1200w, https:\/\/banulbotosanean.ro\/wp-content\/uploads\/2026\/09\/cikdamadian_botosani.jpeg 1450w\"><\/a>\t\t\t\n\t\t\t\n\t\t\t\n\t\t\t\n\t\t\n\t\t<\/div>\n\t\n\n\t\t\t<div class=\"content-wrap\">\n\t\n\t\t<div class=\"content\">\n\n\t\t\t<div class=\"post-meta post-meta-a meta-contrast has-below\"><div class=\"post-meta-items meta-above\"><span class=\"meta-item cat-labels\">\n\t\t\t\t\t\t\n\t\t\t\t\t\t<a href=\"https:\/\/banulbotosanean.ro\/index.php\/category\/stiri-botosani\/\" class=\"category term-color-4\" rel=\"category\" tabindex=\"-1\">Featured<\/a>\n\t\t\t\t\t<\/span>\n\t\t\t\t\t<\/div><h2 class=\"is-title post-title\"><a href=\"https:\/\/banulbotosanean.ro\/index.php\/2026\/09\/04\/festivalul-de-epigrame-si-umor-grafic-cik-damadian-aduce-spectacole-si-vizite-culturale-la-botosani-pe-4-5-septembrie\/\">Festivalul de Epigrame \u0219i Umor Grafic \u201eCik Damadian&#8221; aduce spectacole \u0219i vizite culturale la Boto\u0219ani, pe 4-5 septembrie<\/a><\/h2><div class=\"post-meta-items meta-below\"><span class=\"meta-item post-author\"><a href=\"https:\/\/banulbotosanean.ro\/author\/admin_d8io9be9\/\" rel=\"author\"><\/a><\/span><span class=\"meta-item date\"><span class=\"date-link\"><time class=\"post-date\" datetime=\"2026-09-04T13:22:19+02:00\">4 septembrie 2026<\/time><\/span><\/span><\/div><\/div>\t\t\t\n\t\t\t\n\t\t\t\n\t\t<\/div>\n\n\t\t\t<\/div>\n\t\n<\/article>\n\t\t\t\t<\/div>\n\t\t\t\t\t\t\t\n\t\t\t\t\t\t\t\n\t\t\t\t<div class=\"item item-medium item-3 pos-bot\">\n\n\t\t\t\t\t\n<article class=\"l-post grid-overlay grid-overlay-a hover-zoom\">\n\n\t\n\t\t\t<div class=\"media\">\n\n\t\t\n\t\t\t<a href=\"https:\/\/banulbotosanean.ro\/index.php\/2026\/09\/04\/tranzactie-raportata-la-bvb-un-membru-al-conducerii-electrocontact-cumpara-actiuni-ale-companiei\/\" class=\"image-link\" title=\"Tranzac\u021bie raportat\u0103 la BVB: un membru al conducerii Electrocontact cump\u0103r\u0103 ac\u021biuni ale companiei\"><img decoding=\"async\" width=\"450\" height=\"293\" src=\"https:\/\/banulbotosanean.ro\/wp-content\/uploads\/2025\/12\/grupul_industrial_electrocontact_Botosani-e1765955490310-450x293.jpg\" class=\"attachment-bunyad-medium size-bunyad-medium wp-post-image\" alt=\"\" sizes=\"(max-width: 768px) 50vw, 400px\" title=\"Tranzac\u021bie raportat\u0103 la BVB: un membru al conducerii Electrocontact cump\u0103r\u0103 ac\u021biuni ale companiei\" srcset=\"https:\/\/banulbotosanean.ro\/wp-content\/uploads\/2025\/12\/grupul_industrial_electrocontact_Botosani-e1765955490310-1024x666.jpg 1024w, https:\/\/banulbotosanean.ro\/wp-content\/uploads\/2025\/12\/grupul_industrial_electrocontact_Botosani-e1765955490310-768x500.jpg 768w, https:\/\/banulbotosanean.ro\/wp-content\/uploads\/2025\/12\/grupul_industrial_electrocontact_Botosani-e1765955490310.jpg 1107w\"><\/a>\t\t\t\n\t\t\t\n\t\t\t\n\t\t\t\n\t\t\n\t\t<\/div>\n\t\n\n\t\t\t<div class=\"content-wrap\">\n\t\n\t\t<div class=\"content\">\n\n\t\t\t<div class=\"post-meta post-meta-a meta-contrast has-below\"><div class=\"post-meta-items meta-above\"><span class=\"meta-item cat-labels\">\n\t\t\t\t\t\t\n\t\t\t\t\t\t<a href=\"https:\/\/banulbotosanean.ro\/index.php\/category\/economic\/\" class=\"category term-color-7\" rel=\"category\" tabindex=\"-1\">Economic<\/a>\n\t\t\t\t\t<\/span>\n\t\t\t\t\t<\/div><h2 class=\"is-title post-title\"><a href=\"https:\/\/banulbotosanean.ro\/index.php\/2026\/09\/04\/tranzactie-raportata-la-bvb-un-membru-al-conducerii-electrocontact-cumpara-actiuni-ale-companiei\/\">Tranzac\u021bie raportat\u0103 la BVB: un membru al conducerii Electrocontact cump\u0103r\u0103 ac\u021biuni ale companiei<\/a><\/h2><div class=\"post-meta-items meta-below\"><span class=\"meta-item post-author\"><a href=\"https:\/\/banulbotosanean.ro\/author\/admin_d8io9be9\/\" rel=\"author\"><\/a><\/span><span class=\"meta-item date\"><span class=\"date-link\"><time class=\"post-date\" datetime=\"2026-09-04T12:24:30+02:00\">4 septembrie 2026<\/time><\/span><\/span><\/div><\/div>\t\t\t\n\t\t\t\n\t\t\t\n\t\t<\/div>\n\n\t\t\t<\/div>\n\t\n<\/article>\n\t\t\t\t<\/div>\n\t\t\t\t\t\t\t\n\t\t\t\t\t\t\t\n\t\t\t\t\t<\/div>\n\t\t\n\t\t<\/div>\n\n<\/section>\n\t\t\t<\/div>\n\n\t\t<\/section>\n\t\t\t\t\t\t<\/div>\n\t\t\t\t<\/div>\n\t\t\t\t<div class=\"elementor-element elementor-element-9be3ddb elementor-widget elementor-widget-image-carousel\" data-id=\"9be3ddb\" data-element_type=\"widget\" data-e-type=\"widget\" data-settings=\"{&quot;navigation&quot;:&quot;none&quot;,&quot;autoplay&quot;:&quot;yes&quot;,&quot;pause_on_hover&quot;:&quot;yes&quot;,&quot;pause_on_interaction&quot;:&quot;yes&quot;,&quot;autoplay_speed&quot;:5000,&quot;infinite&quot;:&quot;yes&quot;,&quot;speed&quot;:500}\" data-widget_type=\"image-carousel.default\">\n\t\t\t\t<div class=\"elementor-widget-container\">\n\t\t\t\t\t\t\t<div class=\"elementor-image-carousel-wrapper swiper\" role=\"region\" aria-roledescription=\"carousel\" aria-label=\"Carusel de imagini\" dir=\"ltr\">\n\t\t\t<div class=\"elementor-image-carousel swiper-wrapper\" aria-live=\"off\">\n\t\t\t\t\t\t\t\t<div class=\"swiper-slide\" role=\"group\" aria-roledescription=\"slide\" aria-label=\"1 din 3\"><figure class=\"swiper-slide-inner\"><img decoding=\"async\" class=\"swiper-slide-image\" src=\"https:\/\/banulbotosanean.ro\/wp-content\/uploads\/2024\/07\/banner-solomonescu.jpg\" alt=\"banner-solomonescu\" title=\"\"><\/figure><\/div><div class=\"swiper-slide\" role=\"group\" aria-roledescription=\"slide\" aria-label=\"2 din 3\"><figure class=\"swiper-slide-inner\"><img decoding=\"async\" class=\"swiper-slide-image\" src=\"https:\/\/banulbotosanean.ro\/wp-content\/uploads\/2024\/07\/468-110-spor-g-nor-farmacia-anca-botosani-1.gif\" alt=\"468-110-spor-g-nor farmacia anca botosani (1)\" title=\"\"><\/figure><\/div><div class=\"swiper-slide\" role=\"group\" aria-roledescription=\"slide\" aria-label=\"3 din 3\"><figure class=\"swiper-slide-inner\"><img decoding=\"async\" class=\"swiper-slide-image\" src=\"https:\/\/banulbotosanean.ro\/wp-content\/uploads\/2026\/05\/banner_orizontal-1024x215.jpeg\" alt=\"banner_orizontal\" title=\"\"><\/figure><\/div>\t\t\t<\/div>\n\t\t\t\t\t\t\t\n\t\t\t\t\t\t\t\t\t<\/div>\n\t\t\t\t\t\t<\/div>\n\t\t\t\t<\/div>\n\t\t\t\t\t<\/div>\n\t\t<\/div>\n\t\t\t\t\t<\/div>\n\t\t<\/section>\n\t\t\t\t<section class=\"has-el-gap el-gap-default elementor-section elementor-top-section elementor-element elementor-element-65efe93a elementor-section-boxed elementor-section-height-default elementor-section-height-default\" data-id=\"65efe93a\" data-element_type=\"section\" data-e-type=\"section\">\n\t\t\t\t\t\t<div class=\"elementor-container elementor-column-gap-no\">\n\t\t\t\t\t<div class=\"elementor-column elementor-col-66 elementor-top-column elementor-element elementor-element-6e6c00fa main-content\" data-id=\"6e6c00fa\" data-element_type=\"column\" data-e-type=\"column\">\n\t\t\t<div class=\"elementor-widget-wrap elementor-element-populated\">\n\t\t\t\t\t\t<div class=\"elementor-element elementor-element-155f81b7 elementor-widget elementor-widget-smartmag-featgrid\" data-id=\"155f81b7\" data-element_type=\"widget\" data-e-type=\"widget\" data-widget_type=\"smartmag-featgrid.default\">\n\t\t\t\t<div class=\"elementor-widget-container\">\n\t\t\t\t\t\t\t<section class=\"block-wrap block-feat-grid block-sc mb-sm\" data-id=\"2\" data-block=\"{&quot;id&quot;:&quot;feat-grid&quot;,&quot;props&quot;:{&quot;cat_labels&quot;:false,&quot;cat_labels_pos&quot;:&quot;top-left&quot;,&quot;reviews&quot;:&quot;none&quot;,&quot;post_formats_pos&quot;:&quot;center&quot;,&quot;load_more_style&quot;:&quot;a&quot;,&quot;meta_cat_style&quot;:&quot;labels&quot;,&quot;media_style_shadow&quot;:0,&quot;meta_sponsor&quot;:1,&quot;meta_sponsor_logo&quot;:0,&quot;meta_sponsor_label&quot;:&quot;Sponsor: {sponsor}&quot;,&quot;meta_sponsor_above&quot;:[],&quot;meta_sponsor_below&quot;:[&quot;sponsor&quot;,&quot;date&quot;],&quot;meta_above&quot;:[&quot;cat&quot;],&quot;meta_below&quot;:[&quot;author&quot;,&quot;date&quot;],&quot;grid_type&quot;:&quot;grid-eq3&quot;,&quot;space_below&quot;:&quot;sm&quot;,&quot;container_width&quot;:66,&quot;heading_colors&quot;:&quot;none&quot;,&quot;heading&quot;:&quot;Populare&quot;,&quot;filters&quot;:&quot;category&quot;,&quot;posts&quot;:3,&quot;terms&quot;:[12],&quot;pagination_type&quot;:null,&quot;pagination_links&quot;:null,&quot;meta_sponsor_items_default&quot;:true,&quot;query_type&quot;:&quot;custom&quot;,&quot;sort_days&quot;:null,&quot;is_sc_call&quot;:true,&quot;meta_items_default&quot;:false}}\">\n\n\t\t\t\t\t\t\t\t\n\t\t\t\t\t\t\t\n\t\t\t\t<div class=\"block-head block-head-ac block-head-c is-left\">\n\n\t\t\t\t\t<h4 class=\"heading\">Populare<\/h4>\t\t\t\t\t\n\t\t\t\t\t\t\t\t\t<\/div>\n\t\t\t\t\n\t\t\t\n\t\t\t\n\t\t\t<div class=\"block-content\">\n\t\t\t\t\t\n<section class=\"feat-grid feat-grid-eq3 static feat-grid-ratio feat-grid-equals\">\n\n\t<div class=\"slides\" data-parallax>\n\t\n\t\n\t\t\t\t\t\n\t\t\t\t\t\t\t\n\t\t\t\t<div class=\"item item-main item-medium item-1 pos-bot\">\n\n\t\t\t\t\t\n<article class=\"l-post grid-overlay grid-overlay-a hover-zoom\">\n\n\t\n\t\t\t<div class=\"media\">\n\n\t\t\n\t\t\t<a href=\"https:\/\/banulbotosanean.ro\/index.php\/2026\/08\/26\/renovare-energetica-a-cladirilor-rezidentiale-multifamiliale-nr-8-10-16-din-orasul-saveni-judetul-botosani\/\" class=\"image-link\" title=\"Renovare energetic\u0103 a cl\u0103dirilor reziden\u021biale multifamiliale nr. 8, 10, 16 din Ora\u015ful S\u0103veni, jude\u021bul Boto\u015fani\"><img loading=\"lazy\" decoding=\"async\" width=\"450\" height=\"253\" src=\"https:\/\/banulbotosanean.ro\/wp-content\/uploads\/2026\/08\/Comunicat-de-Presa-450x253.png\" class=\"attachment-bunyad-medium size-bunyad-medium wp-post-image\" alt=\"\" sizes=\"(max-width: 400px) 100vw, 400px\" title=\"Renovare energetic\u0103 a cl\u0103dirilor reziden\u021biale multifamiliale nr. 8, 10, 16 din Ora\u015ful S\u0103veni, jude\u021bul Boto\u015fani\" srcset=\"https:\/\/banulbotosanean.ro\/wp-content\/uploads\/2026\/08\/Comunicat-de-Presa-1024x576.png 1024w, https:\/\/banulbotosanean.ro\/wp-content\/uploads\/2026\/08\/Comunicat-de-Presa-768x432.png 768w, https:\/\/banulbotosanean.ro\/wp-content\/uploads\/2026\/08\/Comunicat-de-Presa-1200x675.png 1200w, https:\/\/banulbotosanean.ro\/wp-content\/uploads\/2026\/08\/Comunicat-de-Presa.png 1280w\"><\/a>\t\t\t\n\t\t\t\n\t\t\t\n\t\t\t\n\t\t\n\t\t<\/div>\n\t\n\n\t\t\t<div class=\"content-wrap\">\n\t\n\t\t<div class=\"content\">\n\n\t\t\t<div class=\"post-meta post-meta-a meta-contrast has-below\"><div class=\"post-meta-items meta-above\"><span class=\"meta-item cat-labels\">\n\t\t\t\t\t\t\n\t\t\t\t\t\t<a href=\"https:\/\/banulbotosanean.ro\/index.php\/category\/editors-picks\/\" class=\"category term-color-2\" rel=\"category\" tabindex=\"-1\">Editor&#039;s Picks<\/a>\n\t\t\t\t\t<\/span>\n\t\t\t\t\t<\/div><h2 class=\"is-title post-title\"><a href=\"https:\/\/banulbotosanean.ro\/index.php\/2026\/08\/26\/renovare-energetica-a-cladirilor-rezidentiale-multifamiliale-nr-8-10-16-din-orasul-saveni-judetul-botosani\/\">Renovare energetic\u0103 a cl\u0103dirilor reziden\u021biale multifamiliale nr. 8, 10, 16 din Ora\u015ful S\u0103veni, jude\u021bul Boto\u015fani<\/a><\/h2><div class=\"post-meta-items meta-below\"><span class=\"meta-item post-author\"><a href=\"https:\/\/banulbotosanean.ro\/author\/admin_d8io9be9\/\" rel=\"author\"><\/a><\/span><span class=\"meta-item date\"><span class=\"date-link\"><time class=\"post-date\" datetime=\"2026-08-26T12:51:33+02:00\">26 august 2026<\/time><\/span><\/span><\/div><\/div>\t\t\t\n\t\t\t\n\t\t\t\n\t\t<\/div>\n\n\t\t\t<\/div>\n\t\n<\/article>\n\t\t\t\t<\/div>\n\t\t\t\t\t\t\t\n\t\t\t\t\t\t\t\n\t\t\n\t\n\t\t\t\t\t\n\t\t\t\t\t\t\t\n\t\t\t\t<div class=\"item item-main item-medium item-2 pos-bot\">\n\n\t\t\t\t\t\n<article class=\"l-post grid-overlay grid-overlay-a hover-zoom\">\n\n\t\n\t\t\t<div class=\"media\">\n\n\t\t\n\t\t\t<a href=\"https:\/\/banulbotosanean.ro\/index.php\/2026\/08\/26\/renovare-energetica-a-cladirilor-rezidentiale-multifamiliale-nr-24-c1-c2-d3-d4-41-d1-d2-v1-v2-din-orasul-saveni-judetul-botosani-numele-beneficiarului-uat-orasul-saveni\/\" class=\"image-link\" title=\"Renovare energetic\u0103 a cl\u0103dirilor reziden\u021biale multifamiliale nr. 24, C1, c2, D3, D4, 41, D1, D2, V1, V2 din Ora\u015ful S\u0103veni, jude\u021bul Boto\u015fani Numele beneficiarului: UAT Ora\u015ful S\u0103veni\"><img loading=\"lazy\" decoding=\"async\" width=\"450\" height=\"253\" src=\"https:\/\/banulbotosanean.ro\/wp-content\/uploads\/2026\/08\/3-450x253.png\" class=\"attachment-bunyad-medium size-bunyad-medium wp-post-image\" alt=\"\" sizes=\"(max-width: 400px) 100vw, 400px\" title=\"Renovare energetic\u0103 a cl\u0103dirilor reziden\u021biale multifamiliale nr. 24, C1, c2, D3, D4, 41, D1, D2, V1, V2 din Ora\u015ful S\u0103veni, jude\u021bul Boto\u015fani Numele beneficiarului: UAT Ora\u015ful S\u0103veni\" srcset=\"https:\/\/banulbotosanean.ro\/wp-content\/uploads\/2026\/08\/3-1024x576.png 1024w, https:\/\/banulbotosanean.ro\/wp-content\/uploads\/2026\/08\/3-768x432.png 768w, https:\/\/banulbotosanean.ro\/wp-content\/uploads\/2026\/08\/3-1200x675.png 1200w, https:\/\/banulbotosanean.ro\/wp-content\/uploads\/2026\/08\/3.png 1280w\"><\/a>\t\t\t\n\t\t\t\n\t\t\t\n\t\t\t\n\t\t\n\t\t<\/div>\n\t\n\n\t\t\t<div class=\"content-wrap\">\n\t\n\t\t<div class=\"content\">\n\n\t\t\t<div class=\"post-meta post-meta-a meta-contrast has-below\"><div class=\"post-meta-items meta-above\"><span class=\"meta-item cat-labels\">\n\t\t\t\t\t\t\n\t\t\t\t\t\t<a href=\"https:\/\/banulbotosanean.ro\/index.php\/category\/editors-picks\/\" class=\"category term-color-2\" rel=\"category\" tabindex=\"-1\">Editor&#039;s Picks<\/a>\n\t\t\t\t\t<\/span>\n\t\t\t\t\t<\/div><h2 class=\"is-title post-title\"><a href=\"https:\/\/banulbotosanean.ro\/index.php\/2026\/08\/26\/renovare-energetica-a-cladirilor-rezidentiale-multifamiliale-nr-24-c1-c2-d3-d4-41-d1-d2-v1-v2-din-orasul-saveni-judetul-botosani-numele-beneficiarului-uat-orasul-saveni\/\">Renovare energetic\u0103 a cl\u0103dirilor reziden\u021biale multifamiliale nr. 24, C1, c2, D3, D4, 41, D1, D2, V1, V2 din Ora\u015ful S\u0103veni, jude\u021bul Boto\u015fani Numele beneficiarului: UAT Ora\u015ful S\u0103veni<\/a><\/h2><div class=\"post-meta-items meta-below\"><span class=\"meta-item post-author\"><a href=\"https:\/\/banulbotosanean.ro\/author\/admin_d8io9be9\/\" rel=\"author\"><\/a><\/span><span class=\"meta-item date\"><span class=\"date-link\"><time class=\"post-date\" datetime=\"2026-08-26T12:47:29+02:00\">26 august 2026<\/time><\/span><\/span><\/div><\/div>\t\t\t\n\t\t\t\n\t\t\t\n\t\t<\/div>\n\n\t\t\t<\/div>\n\t\n<\/article>\n\t\t\t\t<\/div>\n\t\t\t\t\t\t\t\n\t\t\t\t\t\t\t\n\t\t\n\t\n\t\t\t\t\t\n\t\t\t\t\t\t\t\n\t\t\t\t<div class=\"item item-main item-medium item-3 pos-bot\">\n\n\t\t\t\t\t\n<article class=\"l-post grid-overlay grid-overlay-a hover-zoom\">\n\n\t\n\t\t\t<div class=\"media\">\n\n\t\t\n\t\t\t<a href=\"https:\/\/banulbotosanean.ro\/index.php\/2026\/06\/22\/pnrr-fonduri-pentru-romania-moderna-si-reformata-4\/\" class=\"image-link\" title=\"PNRR: Fonduri pentru Romania moderna si reformata\"><img loading=\"lazy\" decoding=\"async\" width=\"450\" height=\"253\" src=\"https:\/\/banulbotosanean.ro\/wp-content\/uploads\/2026\/06\/FINALIZAREA-PROIECTULUI-\u201eDigitalizarea-Spitalului-Municipal-Dorohoi-2-1-450x253.png\" class=\"attachment-bunyad-medium size-bunyad-medium wp-post-image\" alt=\"\" sizes=\"(max-width: 400px) 100vw, 400px\" title=\"PNRR: Fonduri pentru Romania moderna si reformata\" srcset=\"https:\/\/banulbotosanean.ro\/wp-content\/uploads\/2026\/06\/FINALIZAREA-PROIECTULUI-\u201eDigitalizarea-Spitalului-Municipal-Dorohoi-2-1-1024x576.png 1024w, https:\/\/banulbotosanean.ro\/wp-content\/uploads\/2026\/06\/FINALIZAREA-PROIECTULUI-\u201eDigitalizarea-Spitalului-Municipal-Dorohoi-2-1-768x432.png 768w, https:\/\/banulbotosanean.ro\/wp-content\/uploads\/2026\/06\/FINALIZAREA-PROIECTULUI-\u201eDigitalizarea-Spitalului-Municipal-Dorohoi-2-1-1200x675.png 1200w, https:\/\/banulbotosanean.ro\/wp-content\/uploads\/2026\/06\/FINALIZAREA-PROIECTULUI-\u201eDigitalizarea-Spitalului-Municipal-Dorohoi-2-1.png 1280w\"><\/a>\t\t\t\n\t\t\t\n\t\t\t\n\t\t\t\n\t\t\n\t\t<\/div>\n\t\n\n\t\t\t<div class=\"content-wrap\">\n\t\n\t\t<div class=\"content\">\n\n\t\t\t<div class=\"post-meta post-meta-a meta-contrast has-below\"><div class=\"post-meta-items meta-above\"><span class=\"meta-item cat-labels\">\n\t\t\t\t\t\t\n\t\t\t\t\t\t<a href=\"https:\/\/banulbotosanean.ro\/index.php\/category\/editors-picks\/\" class=\"category term-color-2\" rel=\"category\" tabindex=\"-1\">Editor&#039;s Picks<\/a>\n\t\t\t\t\t<\/span>\n\t\t\t\t\t<\/div><h2 class=\"is-title post-title\"><a href=\"https:\/\/banulbotosanean.ro\/index.php\/2026\/06\/22\/pnrr-fonduri-pentru-romania-moderna-si-reformata-4\/\">PNRR: Fonduri pentru Romania moderna si reformata<\/a><\/h2><div class=\"post-meta-items meta-below\"><span class=\"meta-item post-author\"><a href=\"https:\/\/banulbotosanean.ro\/author\/admin_d8io9be9\/\" rel=\"author\"><\/a><\/span><span class=\"meta-item date\"><span class=\"date-link\"><time class=\"post-date\" datetime=\"2026-06-22T11:47:01+02:00\">22 iunie 2026<\/time><\/span><\/span><\/div><\/div>\t\t\t\n\t\t\t\n\t\t\t\n\t\t<\/div>\n\n\t\t\t<\/div>\n\t\n<\/article>\n\t\t\t\t<\/div>\n\t\t\t\t\t\t\t\n\t\t\t\t\t\t\t\n\t\t\n\t\t<\/div>\n\n<\/section>\n\t\t\t<\/div>\n\n\t\t<\/section>\n\t\t\t\t\t\t<\/div>\n\t\t\t\t<\/div>\n\t\t\t\t<div class=\"elementor-element elementor-element-42c11409 elementor-widget elementor-widget-smartmag-postslist\" data-id=\"42c11409\" data-element_type=\"widget\" data-e-type=\"widget\" data-widget_type=\"smartmag-postslist.default\">\n\t\t\t\t<div class=\"elementor-widget-container\">\n\t\t\t\t\t\t\t<section class=\"block-wrap block-posts-list block-sc mb-none\" data-id=\"3\">\n\n\t\t\t\t\t\t\t\t\n\t\t\t\t\t\t\t\n\t\t\t\t<div class=\"block-head block-head-ac block-head-c is-left\">\n\n\t\t\t\t\t<h4 class=\"heading\">Politica<\/h4>\t\t\t\t\t\n\t\t\t\t\t\t\t\t\t<\/div>\n\t\t\t\t\n\t\t\t\n\t\t\t\n\t\t\t<div class=\"block-content\">\n\t\t\t\t\t\n\t<div class=\"loop loop-list grid grid-1 md:grid-1 sm:grid-1\">\n\n\t\t\t\t\n\t\t\t\n<article class=\"l-post list-post list-post-v-center grid-on-sm m-pos-left\">\n\n\t\n\t\t\t<div class=\"media\">\n\n\t\t\n\t\t\t<a href=\"https:\/\/banulbotosanean.ro\/index.php\/2026\/09\/04\/ariadna-cirligeanu-despre-demisia-lui-silegeanu-a-fost-o-neintelegere-am-convingerea-ca-va-reveni-asupra-deciziei\/\" class=\"image-link media-ratio ratio-3-2\" title=\"Ariadna C\u00eerligeanu, despre demisia lui Silegeanu: \u201eA fost o ne\u00een\u021belegere. Am convingerea c\u0103 va reveni asupra deciziei\u201d\"><img loading=\"lazy\" decoding=\"async\" width=\"328\" height=\"219\" src=\"https:\/\/banulbotosanean.ro\/wp-content\/uploads\/2024\/08\/CatalinSilegeanu_AriadnaCarligeanu_AUR_Botosani-450x338.jpeg\" class=\"attachment-bunyad-medium size-bunyad-medium wp-post-image\" alt=\"\" sizes=\"(max-width: 328px) 100vw, 328px\" title=\"Ariadna C\u00eerligeanu, despre demisia lui Silegeanu: \u201eA fost o ne\u00een\u021belegere. Am convingerea c\u0103 va reveni asupra deciziei\u201d\" srcset=\"https:\/\/banulbotosanean.ro\/wp-content\/uploads\/2024\/08\/CatalinSilegeanu_AriadnaCarligeanu_AUR_Botosani-450x338.jpeg 450w, https:\/\/banulbotosanean.ro\/wp-content\/uploads\/2024\/08\/CatalinSilegeanu_AriadnaCarligeanu_AUR_Botosani-300x225.jpeg 300w, https:\/\/banulbotosanean.ro\/wp-content\/uploads\/2024\/08\/CatalinSilegeanu_AriadnaCarligeanu_AUR_Botosani-1024x768.jpeg 1024w, https:\/\/banulbotosanean.ro\/wp-content\/uploads\/2024\/08\/CatalinSilegeanu_AriadnaCarligeanu_AUR_Botosani-768x576.jpeg 768w, https:\/\/banulbotosanean.ro\/wp-content\/uploads\/2024\/08\/CatalinSilegeanu_AriadnaCarligeanu_AUR_Botosani-1536x1152.jpeg 1536w, https:\/\/banulbotosanean.ro\/wp-content\/uploads\/2024\/08\/CatalinSilegeanu_AriadnaCarligeanu_AUR_Botosani-1200x900.jpeg 1200w, https:\/\/banulbotosanean.ro\/wp-content\/uploads\/2024\/08\/CatalinSilegeanu_AriadnaCarligeanu_AUR_Botosani.jpeg 2048w\"><\/a>\t\t\t\n\t\t\t\n\t\t\t\n\t\t\t\n\t\t\n\t\t<\/div>\n\t\n\n\t\n\t\t<div class=\"content\">\n\n\t\t\t<div class=\"post-meta post-meta-a\"><div class=\"post-meta-items meta-above\"><span class=\"meta-item cat-labels\">\n\t\t\t\t\t\t\n\t\t\t\t\t\t<a href=\"https:\/\/banulbotosanean.ro\/index.php\/category\/stiri-botosani\/\" class=\"category term-color-4\" rel=\"category\">Featured<\/a>\n\t\t\t\t\t<\/span>\n\t\t\t\t\t<\/div><h2 class=\"is-title post-title\"><a href=\"https:\/\/banulbotosanean.ro\/index.php\/2026\/09\/04\/ariadna-cirligeanu-despre-demisia-lui-silegeanu-a-fost-o-neintelegere-am-convingerea-ca-va-reveni-asupra-deciziei\/\">Ariadna C\u00eerligeanu, despre demisia lui Silegeanu: \u201eA fost o ne\u00een\u021belegere. Am convingerea c\u0103 va reveni asupra deciziei\u201d<\/a><\/h2><\/div>\t\t\t\n\t\t\t\t\t\t\n\t\t\t\t<div class=\"excerpt\">\n\t\t\t\t\t<p>Ariadna C\u00eerligeanu, despre demisia lui C\u0103t\u0103lin Silegeanu din AUR Boto\u0219ani: \u201eA fost o ne\u00een\u021belegere \u0219i am&hellip;<\/p>\n\t\t\t\t<\/div>\n\t\t\t\n\t\t\t\n\t\t\t\n\t\t<\/div>\n\n\t\n<\/article>\n\t\t\t\t\n\t\t\t\n<article class=\"l-post list-post list-post-v-center grid-on-sm m-pos-left\">\n\n\t\n\t\t\t<div class=\"media\">\n\n\t\t\n\t\t\t<a href=\"https:\/\/banulbotosanean.ro\/index.php\/2026\/09\/03\/senatorul-catalin-silegeanu-isi-da-demisia-din-functiile-de-conducere-aur-un-sucevean-a-fost-desemnat-sa-coordoneze-botosaniul\/\" class=\"image-link media-ratio ratio-3-2\" title=\"Senatorul C\u0103t\u0103lin Silegeanu \u00ee\u0219i d\u0103 demisia din func\u021biile de conducere AUR: \u201eUn sucevean a fost desemnat s\u0103 coordoneze Boto\u0219aniul\u201d\"><img loading=\"lazy\" decoding=\"async\" width=\"328\" height=\"219\" src=\"https:\/\/banulbotosanean.ro\/wp-content\/uploads\/2025\/04\/Catalin_Silegeanu-2-450x338.jpeg\" class=\"attachment-bunyad-medium size-bunyad-medium wp-post-image\" alt=\"\" sizes=\"(max-width: 328px) 100vw, 328px\" title=\"Senatorul C\u0103t\u0103lin Silegeanu \u00ee\u0219i d\u0103 demisia din func\u021biile de conducere AUR: \u201eUn sucevean a fost desemnat s\u0103 coordoneze Boto\u0219aniul\u201d\" srcset=\"https:\/\/banulbotosanean.ro\/wp-content\/uploads\/2025\/04\/Catalin_Silegeanu-2-450x338.jpeg 450w, https:\/\/banulbotosanean.ro\/wp-content\/uploads\/2025\/04\/Catalin_Silegeanu-2-300x225.jpeg 300w, https:\/\/banulbotosanean.ro\/wp-content\/uploads\/2025\/04\/Catalin_Silegeanu-2-1024x768.jpeg 1024w, https:\/\/banulbotosanean.ro\/wp-content\/uploads\/2025\/04\/Catalin_Silegeanu-2-768x576.jpeg 768w, https:\/\/banulbotosanean.ro\/wp-content\/uploads\/2025\/04\/Catalin_Silegeanu-2-1536x1152.jpeg 1536w, https:\/\/banulbotosanean.ro\/wp-content\/uploads\/2025\/04\/Catalin_Silegeanu-2-1200x900.jpeg 1200w, https:\/\/banulbotosanean.ro\/wp-content\/uploads\/2025\/04\/Catalin_Silegeanu-2.jpeg 2048w\"><\/a>\t\t\t\n\t\t\t\n\t\t\t\n\t\t\t\n\t\t\n\t\t<\/div>\n\t\n\n\t\n\t\t<div class=\"content\">\n\n\t\t\t<div class=\"post-meta post-meta-a\"><div class=\"post-meta-items meta-above\"><span class=\"meta-item cat-labels\">\n\t\t\t\t\t\t\n\t\t\t\t\t\t<a href=\"https:\/\/banulbotosanean.ro\/index.php\/category\/stiri-botosani\/\" class=\"category term-color-4\" rel=\"category\">Featured<\/a>\n\t\t\t\t\t<\/span>\n\t\t\t\t\t<\/div><h2 class=\"is-title post-title\"><a href=\"https:\/\/banulbotosanean.ro\/index.php\/2026\/09\/03\/senatorul-catalin-silegeanu-isi-da-demisia-din-functiile-de-conducere-aur-un-sucevean-a-fost-desemnat-sa-coordoneze-botosaniul\/\">Senatorul C\u0103t\u0103lin Silegeanu \u00ee\u0219i d\u0103 demisia din func\u021biile de conducere AUR: \u201eUn sucevean a fost desemnat s\u0103 coordoneze Boto\u0219aniul\u201d<\/a><\/h2><\/div>\t\t\t\n\t\t\t\t\t\t\n\t\t\t\t<div class=\"excerpt\">\n\t\t\t\t\t<p>Senatorul C\u0103t\u0103lin Silegeanu demisioneaz\u0103 din AUR dup\u0103 numirea unui sucevean la coordonarea filialei Boto\u0219ani. \u201eUn sucevean&hellip;<\/p>\n\t\t\t\t<\/div>\n\t\t\t\n\t\t\t\n\t\t\t\n\t\t<\/div>\n\n\t\n<\/article>\n\t\t\t\t\n\t\t\t\n<article class=\"l-post list-post list-post-v-center grid-on-sm m-pos-left\">\n\n\t\n\t\t\t<div class=\"media\">\n\n\t\t\n\t\t\t<a href=\"https:\/\/banulbotosanean.ro\/index.php\/2026\/09\/03\/george-simion-neaga-inlocuirea-ariadnei-cirligeanu-la-sefia-aur-botosani-ramane-coordonator\/\" class=\"image-link media-ratio ratio-3-2\" title=\"George Simion neag\u0103 \u00eenlocuirea Ariadnei C\u00eerligeanu la \u0219efia AUR Boto\u0219ani: \u201eR\u0103m\u00e2ne coordonator\u201d\"><img loading=\"lazy\" decoding=\"async\" width=\"328\" height=\"219\" src=\"https:\/\/banulbotosanean.ro\/wp-content\/uploads\/2024\/12\/simion-silegeanu-450x300.jpg\" class=\"attachment-bunyad-medium size-bunyad-medium wp-post-image\" alt=\"\" sizes=\"(max-width: 328px) 100vw, 328px\" title=\"George Simion neag\u0103 \u00eenlocuirea Ariadnei C\u00eerligeanu la \u0219efia AUR Boto\u0219ani: \u201eR\u0103m\u00e2ne coordonator\u201d\" srcset=\"https:\/\/banulbotosanean.ro\/wp-content\/uploads\/2024\/12\/simion-silegeanu-450x300.jpg 450w, https:\/\/banulbotosanean.ro\/wp-content\/uploads\/2024\/12\/simion-silegeanu-300x200.jpg 300w, https:\/\/banulbotosanean.ro\/wp-content\/uploads\/2024\/12\/simion-silegeanu-1024x683.jpg 1024w, https:\/\/banulbotosanean.ro\/wp-content\/uploads\/2024\/12\/simion-silegeanu-768x512.jpg 768w, https:\/\/banulbotosanean.ro\/wp-content\/uploads\/2024\/12\/simion-silegeanu-1536x1024.jpg 1536w, https:\/\/banulbotosanean.ro\/wp-content\/uploads\/2024\/12\/simion-silegeanu-150x100.jpg 150w, https:\/\/banulbotosanean.ro\/wp-content\/uploads\/2024\/12\/simion-silegeanu-1200x800.jpg 1200w, https:\/\/banulbotosanean.ro\/wp-content\/uploads\/2024\/12\/simion-silegeanu.jpg 1600w\"><\/a>\t\t\t\n\t\t\t\n\t\t\t\n\t\t\t\n\t\t\n\t\t<\/div>\n\t\n\n\t\n\t\t<div class=\"content\">\n\n\t\t\t<div class=\"post-meta post-meta-a\"><div class=\"post-meta-items meta-above\"><span class=\"meta-item cat-labels\">\n\t\t\t\t\t\t\n\t\t\t\t\t\t<a href=\"https:\/\/banulbotosanean.ro\/index.php\/category\/stiri-botosani\/\" class=\"category term-color-4\" rel=\"category\">Featured<\/a>\n\t\t\t\t\t<\/span>\n\t\t\t\t\t<\/div><h2 class=\"is-title post-title\"><a href=\"https:\/\/banulbotosanean.ro\/index.php\/2026\/09\/03\/george-simion-neaga-inlocuirea-ariadnei-cirligeanu-la-sefia-aur-botosani-ramane-coordonator\/\">George Simion neag\u0103 \u00eenlocuirea Ariadnei C\u00eerligeanu la \u0219efia AUR Boto\u0219ani: \u201eR\u0103m\u00e2ne coordonator\u201d<\/a><\/h2><\/div>\t\t\t\n\t\t\t\t\t\t\n\t\t\t\t<div class=\"excerpt\">\n\t\t\t\t\t<p>George Simion infirm\u0103 zvonurile \u00eenlocuirii Ariadnei C\u00eerligeanu la \u0219efia AUR Boto\u0219ani: \u201eR\u0103m\u00e2ne coordonator, pentru a ne&hellip;<\/p>\n\t\t\t\t<\/div>\n\t\t\t\n\t\t\t\n\t\t\t\n\t\t<\/div>\n\n\t\n<\/article>\n\t\t\t\t\n\t\t\t\n<article class=\"l-post list-post list-post-v-center grid-on-sm m-pos-left\">\n\n\t\n\t\t\t<div class=\"media\">\n\n\t\t\n\t\t\t<a href=\"https:\/\/banulbotosanean.ro\/index.php\/2026\/09\/03\/jitaru-acuza-botosani-a-pierdut-400-milioane-euro-din-care-260-milioane-euro-doar-pentru-apa-in-mandatul-federovici-la-cj\/\" class=\"image-link media-ratio ratio-3-2\" title=\"Jitaru acuz\u0103: Boto\u0219ani a pierdut 400 milioane euro, din care 260 milioane euro doar pentru ap\u0103, \u00een mandatul Federovici la CJ\"><img loading=\"lazy\" decoding=\"async\" width=\"328\" height=\"219\" src=\"https:\/\/banulbotosanean.ro\/wp-content\/uploads\/2026\/09\/jitaru_ovidiu_pnl_botosani-450x648.jpeg\" class=\"attachment-bunyad-medium size-bunyad-medium wp-post-image\" alt=\"\" sizes=\"(max-width: 328px) 100vw, 328px\" title=\"Jitaru acuz\u0103: Boto\u0219ani a pierdut 400 milioane euro, din care 260 milioane euro doar pentru ap\u0103, \u00een mandatul Federovici la CJ\" srcset=\"https:\/\/banulbotosanean.ro\/wp-content\/uploads\/2026\/09\/jitaru_ovidiu_pnl_botosani-450x648.jpeg 450w, https:\/\/banulbotosanean.ro\/wp-content\/uploads\/2026\/09\/jitaru_ovidiu_pnl_botosani-208x300.jpeg 208w, https:\/\/banulbotosanean.ro\/wp-content\/uploads\/2026\/09\/jitaru_ovidiu_pnl_botosani-711x1024.jpeg 711w, https:\/\/banulbotosanean.ro\/wp-content\/uploads\/2026\/09\/jitaru_ovidiu_pnl_botosani-768x1106.jpeg 768w, https:\/\/banulbotosanean.ro\/wp-content\/uploads\/2026\/09\/jitaru_ovidiu_pnl_botosani-1066x1536.jpeg 1066w, https:\/\/banulbotosanean.ro\/wp-content\/uploads\/2026\/09\/jitaru_ovidiu_pnl_botosani-1200x1728.jpeg 1200w, https:\/\/banulbotosanean.ro\/wp-content\/uploads\/2026\/09\/jitaru_ovidiu_pnl_botosani.jpeg 1206w\"><\/a>\t\t\t\n\t\t\t\n\t\t\t\n\t\t\t\n\t\t\n\t\t<\/div>\n\t\n\n\t\n\t\t<div class=\"content\">\n\n\t\t\t<div class=\"post-meta post-meta-a\"><div class=\"post-meta-items meta-above\"><span class=\"meta-item cat-labels\">\n\t\t\t\t\t\t\n\t\t\t\t\t\t<a href=\"https:\/\/banulbotosanean.ro\/index.php\/category\/stiri-botosani\/\" class=\"category term-color-4\" rel=\"category\">Featured<\/a>\n\t\t\t\t\t<\/span>\n\t\t\t\t\t<\/div><h2 class=\"is-title post-title\"><a href=\"https:\/\/banulbotosanean.ro\/index.php\/2026\/09\/03\/jitaru-acuza-botosani-a-pierdut-400-milioane-euro-din-care-260-milioane-euro-doar-pentru-apa-in-mandatul-federovici-la-cj\/\">Jitaru acuz\u0103: Boto\u0219ani a pierdut 400 milioane euro, din care 260 milioane euro doar pentru ap\u0103, \u00een mandatul Federovici la CJ<\/a><\/h2><\/div>\t\t\t\n\t\t\t\t\t\t\n\t\t\t\t<div class=\"excerpt\">\n\t\t\t\t\t<p>400 de milioane de euro pierdu\u021bi. Senatorul PNL Ovidiu Jitaru trage un semnal de alarm\u0103: \u201eBoto\u0219aniul&hellip;<\/p>\n\t\t\t\t<\/div>\n\t\t\t\n\t\t\t\n\t\t\t\n\t\t<\/div>\n\n\t\n<\/article>\n\t\t\t\t\n\t\t\t\n<article class=\"l-post list-post list-post-v-center grid-on-sm m-pos-left\">\n\n\t\n\t\t\t<div class=\"media\">\n\n\t\t\n\t\t\t<a href=\"https:\/\/banulbotosanean.ro\/index.php\/2026\/09\/03\/scantei-in-pnl-deputatul-moiseev-replica-dura-pentru-o-colega-de-partid-v-ati-baricadat-in-partid-si-nu-ati-lasat-loc-pentru-altii\/\" class=\"image-link media-ratio ratio-3-2\" title=\"Sc\u00e2ntei \u00een PNL. Deputatul Moiseev, replic\u0103 dur\u0103 pentru o coleg\u0103 de partid: \u201eV-a\u021bi baricadat \u00een partid \u0219i nu a\u021bi l\u0103sat loc pentru al\u021bii\u201d\"><img loading=\"lazy\" decoding=\"async\" width=\"328\" height=\"219\" src=\"https:\/\/banulbotosanean.ro\/wp-content\/uploads\/2026\/09\/moiseev-450x300.jpeg\" class=\"attachment-bunyad-medium size-bunyad-medium wp-post-image\" alt=\"\" sizes=\"(max-width: 328px) 100vw, 328px\" title=\"Sc\u00e2ntei \u00een PNL. Deputatul Moiseev, replic\u0103 dur\u0103 pentru o coleg\u0103 de partid: \u201eV-a\u021bi baricadat \u00een partid \u0219i nu a\u021bi l\u0103sat loc pentru al\u021bii\u201d\" srcset=\"https:\/\/banulbotosanean.ro\/wp-content\/uploads\/2026\/09\/moiseev-450x300.jpeg 450w, https:\/\/banulbotosanean.ro\/wp-content\/uploads\/2026\/09\/moiseev-300x200.jpeg 300w, https:\/\/banulbotosanean.ro\/wp-content\/uploads\/2026\/09\/moiseev-1024x682.jpeg 1024w, https:\/\/banulbotosanean.ro\/wp-content\/uploads\/2026\/09\/moiseev-768x512.jpeg 768w, https:\/\/banulbotosanean.ro\/wp-content\/uploads\/2026\/09\/moiseev-1536x1023.jpeg 1536w, https:\/\/banulbotosanean.ro\/wp-content\/uploads\/2026\/09\/moiseev-150x100.jpeg 150w, https:\/\/banulbotosanean.ro\/wp-content\/uploads\/2026\/09\/moiseev-1200x800.jpeg 1200w, https:\/\/banulbotosanean.ro\/wp-content\/uploads\/2026\/09\/moiseev.jpeg 1600w\"><\/a>\t\t\t\n\t\t\t\n\t\t\t\n\t\t\t\n\t\t\n\t\t<\/div>\n\t\n\n\t\n\t\t<div class=\"content\">\n\n\t\t\t<div class=\"post-meta post-meta-a\"><div class=\"post-meta-items meta-above\"><span class=\"meta-item cat-labels\">\n\t\t\t\t\t\t\n\t\t\t\t\t\t<a href=\"https:\/\/banulbotosanean.ro\/index.php\/category\/stiri-botosani\/\" class=\"category term-color-4\" rel=\"category\">Featured<\/a>\n\t\t\t\t\t<\/span>\n\t\t\t\t\t<\/div><h2 class=\"is-title post-title\"><a href=\"https:\/\/banulbotosanean.ro\/index.php\/2026\/09\/03\/scantei-in-pnl-deputatul-moiseev-replica-dura-pentru-o-colega-de-partid-v-ati-baricadat-in-partid-si-nu-ati-lasat-loc-pentru-altii\/\">Sc\u00e2ntei \u00een PNL. Deputatul Moiseev, replic\u0103 dur\u0103 pentru o coleg\u0103 de partid: \u201eV-a\u021bi baricadat \u00een partid \u0219i nu a\u021bi l\u0103sat loc pentru al\u021bii\u201d<\/a><\/h2><\/div>\t\t\t\n\t\t\t\t\t\t\n\t\t\t\t<div class=\"excerpt\">\n\t\t\t\t\t<p>Alexandrin Moiseev r\u0103spunde acuza\u021biilor de \u201etraseism politic\u201d: \u201eAm ales responsabilitatea, nu func\u021bii \u0219i privilegii\u201d Deputatul PNL&hellip;<\/p>\n\t\t\t\t<\/div>\n\t\t\t\n\t\t\t\n\t\t\t\n\t\t<\/div>\n\n\t\n<\/article>\n\t\t\t\t\n\t\t\t\n<article class=\"l-post list-post list-post-v-center grid-on-sm m-pos-left\">\n\n\t\n\t\t\t<div class=\"media\">\n\n\t\t\n\t\t\t<a href=\"https:\/\/banulbotosanean.ro\/index.php\/2026\/09\/02\/catalin-silegeanu-gazele-pot-ajunge-la-100-de-euro-mwh-chiar-cand-expira-plafonarea-facturilor\/\" class=\"image-link media-ratio ratio-3-2\" title=\"C\u0103t\u0103lin Silegeanu: Gazele pot ajunge la 100 de euro\/MWh chiar c\u00e2nd expir\u0103 plafonarea facturilor\"><img loading=\"lazy\" decoding=\"async\" width=\"328\" height=\"219\" src=\"https:\/\/banulbotosanean.ro\/wp-content\/uploads\/2026\/09\/WhatsApp-Image-2026-09-01-at-20.28.32-450x338.jpeg\" class=\"attachment-bunyad-medium size-bunyad-medium wp-post-image\" alt=\"\" sizes=\"(max-width: 328px) 100vw, 328px\" title=\"C\u0103t\u0103lin Silegeanu: Gazele pot ajunge la 100 de euro\/MWh chiar c\u00e2nd expir\u0103 plafonarea facturilor\" srcset=\"https:\/\/banulbotosanean.ro\/wp-content\/uploads\/2026\/09\/WhatsApp-Image-2026-09-01-at-20.28.32-450x338.jpeg 450w, https:\/\/banulbotosanean.ro\/wp-content\/uploads\/2026\/09\/WhatsApp-Image-2026-09-01-at-20.28.32-300x225.jpeg 300w, https:\/\/banulbotosanean.ro\/wp-content\/uploads\/2026\/09\/WhatsApp-Image-2026-09-01-at-20.28.32-1024x768.jpeg 1024w, https:\/\/banulbotosanean.ro\/wp-content\/uploads\/2026\/09\/WhatsApp-Image-2026-09-01-at-20.28.32-768x576.jpeg 768w, https:\/\/banulbotosanean.ro\/wp-content\/uploads\/2026\/09\/WhatsApp-Image-2026-09-01-at-20.28.32-1536x1152.jpeg 1536w, https:\/\/banulbotosanean.ro\/wp-content\/uploads\/2026\/09\/WhatsApp-Image-2026-09-01-at-20.28.32-1200x900.jpeg 1200w, https:\/\/banulbotosanean.ro\/wp-content\/uploads\/2026\/09\/WhatsApp-Image-2026-09-01-at-20.28.32.jpeg 1600w\"><\/a>\t\t\t\n\t\t\t\n\t\t\t\n\t\t\t\n\t\t\n\t\t<\/div>\n\t\n\n\t\n\t\t<div class=\"content\">\n\n\t\t\t<div class=\"post-meta post-meta-a\"><div class=\"post-meta-items meta-above\"><span class=\"meta-item cat-labels\">\n\t\t\t\t\t\t\n\t\t\t\t\t\t<a href=\"https:\/\/banulbotosanean.ro\/index.php\/category\/stiri-botosani\/\" class=\"category term-color-4\" rel=\"category\">Featured<\/a>\n\t\t\t\t\t<\/span>\n\t\t\t\t\t<\/div><h2 class=\"is-title post-title\"><a href=\"https:\/\/banulbotosanean.ro\/index.php\/2026\/09\/02\/catalin-silegeanu-gazele-pot-ajunge-la-100-de-euro-mwh-chiar-cand-expira-plafonarea-facturilor\/\">C\u0103t\u0103lin Silegeanu: Gazele pot ajunge la 100 de euro\/MWh chiar c\u00e2nd expir\u0103 plafonarea facturilor<\/a><\/h2><\/div>\t\t\t\n\t\t\t\t\t\t\n\t\t\t\t<div class=\"excerpt\">\n\t\t\t\t\t<p>COMUNICAT DE PRES\u0102 Senatorul C\u0103t\u0103lin Silegeanu sus\u021bine c\u0103 Rom\u00e2nia poate intra \u00een prim\u0103vara anului 2027 \u00eentr-un&hellip;<\/p>\n\t\t\t\t<\/div>\n\t\t\t\n\t\t\t\n\t\t\t\n\t\t<\/div>\n\n\t\n<\/article>\n\t\t\t\t\n\t\t\t\n<article class=\"l-post list-post list-post-v-center grid-on-sm m-pos-left\">\n\n\t\n\t\t\t<div class=\"media\">\n\n\t\t\n\t\t\t<a href=\"https:\/\/banulbotosanean.ro\/index.php\/2026\/08\/31\/catalin-silegeanu-am-ratat-legea-salarizarii-si-am-castigat-23-miliarde-de-euro-pe-an\/\" class=\"image-link media-ratio ratio-3-2\" title=\"C\u0103t\u0103lin Silegeanu: \u201eAm ratat legea salariz\u0103rii \u0219i am c\u00e2\u0219tigat 2,3 miliarde de euro pe an!\u201d\"><img loading=\"lazy\" decoding=\"async\" width=\"328\" height=\"219\" src=\"https:\/\/banulbotosanean.ro\/wp-content\/uploads\/2026\/09\/WhatsApp-Image-2026-08-27-at-19.59.34-1-450x600.jpeg\" class=\"attachment-bunyad-medium size-bunyad-medium wp-post-image\" alt=\"\" sizes=\"(max-width: 328px) 100vw, 328px\" title=\"C\u0103t\u0103lin Silegeanu: \u201eAm ratat legea salariz\u0103rii \u0219i am c\u00e2\u0219tigat 2,3 miliarde de euro pe an!\u201d\" srcset=\"https:\/\/banulbotosanean.ro\/wp-content\/uploads\/2026\/09\/WhatsApp-Image-2026-08-27-at-19.59.34-1-450x600.jpeg 450w, https:\/\/banulbotosanean.ro\/wp-content\/uploads\/2026\/09\/WhatsApp-Image-2026-08-27-at-19.59.34-1-225x300.jpeg 225w, https:\/\/banulbotosanean.ro\/wp-content\/uploads\/2026\/09\/WhatsApp-Image-2026-08-27-at-19.59.34-1-768x1024.jpeg 768w, https:\/\/banulbotosanean.ro\/wp-content\/uploads\/2026\/09\/WhatsApp-Image-2026-08-27-at-19.59.34-1-1152x1536.jpeg 1152w, https:\/\/banulbotosanean.ro\/wp-content\/uploads\/2026\/09\/WhatsApp-Image-2026-08-27-at-19.59.34-1-1536x2048.jpeg 1536w, https:\/\/banulbotosanean.ro\/wp-content\/uploads\/2026\/09\/WhatsApp-Image-2026-08-27-at-19.59.34-1-1200x1600.jpeg 1200w, https:\/\/banulbotosanean.ro\/wp-content\/uploads\/2026\/09\/WhatsApp-Image-2026-08-27-at-19.59.34-1-scaled.jpeg 1920w\"><\/a>\t\t\t\n\t\t\t\n\t\t\t\n\t\t\t\n\t\t\n\t\t<\/div>\n\t\n\n\t\n\t\t<div class=\"content\">\n\n\t\t\t<div class=\"post-meta post-meta-a\"><div class=\"post-meta-items meta-above\"><span class=\"meta-item cat-labels\">\n\t\t\t\t\t\t\n\t\t\t\t\t\t<a href=\"https:\/\/banulbotosanean.ro\/index.php\/category\/stiri-botosani\/\" class=\"category term-color-4\" rel=\"category\">Featured<\/a>\n\t\t\t\t\t<\/span>\n\t\t\t\t\t<\/div><h2 class=\"is-title post-title\"><a href=\"https:\/\/banulbotosanean.ro\/index.php\/2026\/08\/31\/catalin-silegeanu-am-ratat-legea-salarizarii-si-am-castigat-23-miliarde-de-euro-pe-an\/\">C\u0103t\u0103lin Silegeanu: \u201eAm ratat legea salariz\u0103rii \u0219i am c\u00e2\u0219tigat 2,3 miliarde de euro pe an!\u201d<\/a><\/h2><\/div>\t\t\t\n\t\t\t\t\t\t\n\t\t\t\t<div class=\"excerpt\">\n\t\t\t\t\t<p>COMUNICAT DE PRES\u0102 Senatorul C\u0103t\u0103lin Silegeanu sus\u021bine c\u0103 ratarea legii salariz\u0103rii, criticat\u0103 mai ales prin pierderea&hellip;<\/p>\n\t\t\t\t<\/div>\n\t\t\t\n\t\t\t\n\t\t\t\n\t\t<\/div>\n\n\t\n<\/article>\n\t\t\n\t<\/div>\n\n\t\t\t\t\t<\/div>\n\n\t\t<\/section>\n\t\t\t\t\t\t<\/div>\n\t\t\t\t<\/div>\n\t\t\t\t\t<\/div>\n\t\t<\/div>\n\t\t\t\t<div class=\"elementor-column elementor-col-33 elementor-top-column elementor-element elementor-element-1ed05f31 main-sidebar main-sidebar ts-sticky-col\" data-id=\"1ed05f31\" data-element_type=\"column\" data-e-type=\"column\">\n\t\t\t<div class=\"elementor-widget-wrap elementor-element-populated\">\n\t\t\t\t\t\t<div class=\"elementor-element elementor-element-2d57845 elementor-widget elementor-widget-image\" data-id=\"2d57845\" data-element_type=\"widget\" data-e-type=\"widget\" data-widget_type=\"image.default\">\n\t\t\t\t<div class=\"elementor-widget-container\">\n\t\t\t\t\t\t\t\t\t\t\t\t\t\t\t<img loading=\"lazy\" decoding=\"async\" class=\"attachment-medium size-medium wp-image-20068 lazyload\" width=\"300\" height=\"300\" src=\"data:image\/svg+xml;base64,PHN2ZyB2aWV3Qm94PScwIDAgMzAwIDMwMCcgeG1sbnM9J2h0dHA6Ly93d3cudzMub3JnLzIwMDAvc3ZnJz48L3N2Zz4=\" srcset=\"https:\/\/banulbotosanean.ro\/wp-content\/uploads\/2026\/05\/banner4-300x300.jpeg 300w, https:\/\/banulbotosanean.ro\/wp-content\/uploads\/2026\/05\/banner4-1024x1024.jpeg 1024w, https:\/\/banulbotosanean.ro\/wp-content\/uploads\/2026\/05\/banner4-150x150.jpeg 150w, https:\/\/banulbotosanean.ro\/wp-content\/uploads\/2026\/05\/banner4-768x768.jpeg 768w, https:\/\/banulbotosanean.ro\/wp-content\/uploads\/2026\/05\/banner4-450x450.jpeg 450w, https:\/\/banulbotosanean.ro\/wp-content\/uploads\/2026\/05\/banner4-1200x1200.jpeg 1200w, https:\/\/banulbotosanean.ro\/wp-content\/uploads\/2026\/05\/banner4.jpeg 1250w\" sizes=\"(max-width: 300px) 100vw, 300px\" data-src=\"https:\/\/banulbotosanean.ro\/wp-content\/uploads\/2026\/05\/banner4-300x300.jpeg\" alt=\"\" title=\"\">\t\t\t\t\t\t\t\t\t\t\t\t\t\t\t<\/div>\n\t\t\t\t<\/div>\n\t\t\t\t<div class=\"elementor-element elementor-element-4bf779c elementor-widget elementor-widget-image\" data-id=\"4bf779c\" data-element_type=\"widget\" data-e-type=\"widget\" data-widget_type=\"image.default\">\n\t\t\t\t<div class=\"elementor-widget-container\">\n\t\t\t\t\t\t\t\t\t\t\t\t\t\t\t<img loading=\"lazy\" decoding=\"async\" class=\"attachment-medium size-medium wp-image-20077 lazyload\" width=\"300\" height=\"300\" src=\"data:image\/svg+xml;base64,PHN2ZyB2aWV3Qm94PScwIDAgMzAwIDMwMCcgeG1sbnM9J2h0dHA6Ly93d3cudzMub3JnLzIwMDAvc3ZnJz48L3N2Zz4=\" srcset=\"https:\/\/banulbotosanean.ro\/wp-content\/uploads\/2026\/05\/304759900_511891454275751_5795310588075092211_n-300x300.png 300w, https:\/\/banulbotosanean.ro\/wp-content\/uploads\/2026\/05\/304759900_511891454275751_5795310588075092211_n-1024x1024.png 1024w, https:\/\/banulbotosanean.ro\/wp-content\/uploads\/2026\/05\/304759900_511891454275751_5795310588075092211_n-150x150.png 150w, https:\/\/banulbotosanean.ro\/wp-content\/uploads\/2026\/05\/304759900_511891454275751_5795310588075092211_n-768x768.png 768w, https:\/\/banulbotosanean.ro\/wp-content\/uploads\/2026\/05\/304759900_511891454275751_5795310588075092211_n-1536x1536.png 1536w, https:\/\/banulbotosanean.ro\/wp-content\/uploads\/2026\/05\/304759900_511891454275751_5795310588075092211_n-450x450.png 450w, https:\/\/banulbotosanean.ro\/wp-content\/uploads\/2026\/05\/304759900_511891454275751_5795310588075092211_n-1200x1200.png 1200w, https:\/\/banulbotosanean.ro\/wp-content\/uploads\/2026\/05\/304759900_511891454275751_5795310588075092211_n.png 2048w\" sizes=\"(max-width: 300px) 100vw, 300px\" data-src=\"https:\/\/banulbotosanean.ro\/wp-content\/uploads\/2026\/05\/304759900_511891454275751_5795310588075092211_n-300x300.png\" alt=\"\" title=\"\">\t\t\t\t\t\t\t\t\t\t\t\t\t\t\t<\/div>\n\t\t\t\t<\/div>\n\t\t\t\t<div class=\"elementor-element elementor-element-cebe02c elementor-widget elementor-widget-image\" data-id=\"cebe02c\" data-element_type=\"widget\" data-e-type=\"widget\" data-widget_type=\"image.default\">\n\t\t\t\t<div class=\"elementor-widget-container\">\n\t\t\t\t\t\t\t\t\t\t\t\t\t\t\t<img loading=\"lazy\" decoding=\"async\" class=\"attachment-medium size-medium wp-image-5160 lazyload\" width=\"300\" height=\"125\" src=\"data:image\/svg+xml;base64,PHN2ZyB2aWV3Qm94PScwIDAgMzAwIDEyNScgeG1sbnM9J2h0dHA6Ly93d3cudzMub3JnLzIwMDAvc3ZnJz48L3N2Zz4=\" srcset=\"https:\/\/banulbotosanean.ro\/wp-content\/uploads\/2024\/07\/magic-land-botosani-pizza-300x125.jpeg 300w, https:\/\/banulbotosanean.ro\/wp-content\/uploads\/2024\/07\/magic-land-botosani-pizza-768x320.jpeg 768w, https:\/\/banulbotosanean.ro\/wp-content\/uploads\/2024\/07\/magic-land-botosani-pizza-150x63.jpeg 150w, https:\/\/banulbotosanean.ro\/wp-content\/uploads\/2024\/07\/magic-land-botosani-pizza-450x188.jpeg 450w, https:\/\/banulbotosanean.ro\/wp-content\/uploads\/2024\/07\/magic-land-botosani-pizza.jpeg 945w\" sizes=\"(max-width: 300px) 100vw, 300px\" data-src=\"https:\/\/banulbotosanean.ro\/wp-content\/uploads\/2024\/07\/magic-land-botosani-pizza-300x125.jpeg\" alt=\"\" title=\"\">\t\t\t\t\t\t\t\t\t\t\t\t\t\t\t<\/div>\n\t\t\t\t<\/div>\n\t\t\t\t<div class=\"elementor-element elementor-element-c771f79 elementor-widget elementor-widget-image\" data-id=\"c771f79\" data-element_type=\"widget\" data-e-type=\"widget\" data-widget_type=\"image.default\">\n\t\t\t\t<div class=\"elementor-widget-container\">\n\t\t\t\t\t\t\t\t\t\t\t\t\t\t\t<img loading=\"lazy\" decoding=\"async\" class=\"attachment-medium size-medium wp-image-11208 lazyload\" width=\"300\" height=\"150\" src=\"data:image\/svg+xml;base64,PHN2ZyB2aWV3Qm94PScwIDAgMzAwIDE1MCcgeG1sbnM9J2h0dHA6Ly93d3cudzMub3JnLzIwMDAvc3ZnJz48L3N2Zz4=\" srcset=\"https:\/\/banulbotosanean.ro\/wp-content\/uploads\/2025\/02\/Belvedere-2-300x150.png 300w, https:\/\/banulbotosanean.ro\/wp-content\/uploads\/2025\/02\/Belvedere-2-1024x512.png 1024w, https:\/\/banulbotosanean.ro\/wp-content\/uploads\/2025\/02\/Belvedere-2-768x384.png 768w, https:\/\/banulbotosanean.ro\/wp-content\/uploads\/2025\/02\/Belvedere-2-1536x768.png 1536w, https:\/\/banulbotosanean.ro\/wp-content\/uploads\/2025\/02\/Belvedere-2-2048x1024.png 2048w, https:\/\/banulbotosanean.ro\/wp-content\/uploads\/2025\/02\/Belvedere-2-150x75.png 150w, https:\/\/banulbotosanean.ro\/wp-content\/uploads\/2025\/02\/Belvedere-2-450x225.png 450w, https:\/\/banulbotosanean.ro\/wp-content\/uploads\/2025\/02\/Belvedere-2-1200x600.png 1200w\" sizes=\"(max-width: 300px) 100vw, 300px\" data-src=\"https:\/\/banulbotosanean.ro\/wp-content\/uploads\/2025\/02\/Belvedere-2-300x150.png\" alt=\"\" title=\"\">\t\t\t\t\t\t\t\t\t\t\t\t\t\t\t<\/div>\n\t\t\t\t<\/div>\n\t\t\t\t<div class=\"elementor-element elementor-element-0318abc elementor-widget elementor-widget-image\" data-id=\"0318abc\" data-element_type=\"widget\" data-e-type=\"widget\" data-widget_type=\"image.default\">\n\t\t\t\t<div class=\"elementor-widget-container\">\n\t\t\t\t\t\t\t\t\t\t\t\t\t\t\t<img loading=\"lazy\" decoding=\"async\" class=\"attachment-medium size-medium wp-image-18086 lazyload\" width=\"300\" height=\"175\" src=\"data:image\/svg+xml;base64,PHN2ZyB2aWV3Qm94PScwIDAgMzAwIDE3NScgeG1sbnM9J2h0dHA6Ly93d3cudzMub3JnLzIwMDAvc3ZnJz48L3N2Zz4=\" srcset=\"https:\/\/banulbotosanean.ro\/wp-content\/uploads\/2026\/02\/1745057031840-300x175.jpeg 300w, https:\/\/banulbotosanean.ro\/wp-content\/uploads\/2026\/02\/1745057031840-768x447.jpeg 768w, https:\/\/banulbotosanean.ro\/wp-content\/uploads\/2026\/02\/1745057031840-150x87.jpeg 150w, https:\/\/banulbotosanean.ro\/wp-content\/uploads\/2026\/02\/1745057031840-450x262.jpeg 450w, https:\/\/banulbotosanean.ro\/wp-content\/uploads\/2026\/02\/1745057031840.jpeg 800w\" sizes=\"(max-width: 300px) 100vw, 300px\" data-src=\"https:\/\/banulbotosanean.ro\/wp-content\/uploads\/2026\/02\/1745057031840-300x175.jpeg\" alt=\"\" title=\"\">\t\t\t\t\t\t\t\t\t\t\t\t\t\t\t<\/div>\n\t\t\t\t<\/div>\n\t\t\t\t<div class=\"elementor-element elementor-element-0b8e9de elementor-widget elementor-widget-image\" data-id=\"0b8e9de\" data-element_type=\"widget\" data-e-type=\"widget\" data-widget_type=\"image.default\">\n\t\t\t\t<div class=\"elementor-widget-container\">\n\t\t\t\t\t\t\t\t\t\t\t\t\t\t\t<img loading=\"lazy\" decoding=\"async\" class=\"attachment-medium size-medium wp-image-5161 lazyload\" width=\"300\" height=\"300\" src=\"data:image\/svg+xml;base64,PHN2ZyB2aWV3Qm94PScwIDAgMzAwIDMwMCcgeG1sbnM9J2h0dHA6Ly93d3cudzMub3JnLzIwMDAvc3ZnJz48L3N2Zz4=\" srcset=\"https:\/\/banulbotosanean.ro\/wp-content\/uploads\/2024\/07\/urban-serv-botosani.jpg 300w, https:\/\/banulbotosanean.ro\/wp-content\/uploads\/2024\/07\/urban-serv-botosani-150x150.jpg 150w\" sizes=\"(max-width: 300px) 100vw, 300px\" data-src=\"https:\/\/banulbotosanean.ro\/wp-content\/uploads\/2024\/07\/urban-serv-botosani.jpg\" alt=\"\" title=\"\">\t\t\t\t\t\t\t\t\t\t\t\t\t\t\t<\/div>\n\t\t\t\t<\/div>\n\t\t\t\t<div class=\"elementor-element elementor-element-20a0dab elementor-widget elementor-widget-image\" data-id=\"20a0dab\" data-element_type=\"widget\" data-e-type=\"widget\" data-widget_type=\"image.default\">\n\t\t\t\t<div class=\"elementor-widget-container\">\n\t\t\t\t\t\t\t\t\t\t\t\t\t\t\t<img loading=\"lazy\" decoding=\"async\" class=\"attachment-large size-large wp-image-6748 lazyload\" width=\"393\" height=\"443\" src=\"data:image\/svg+xml;base64,PHN2ZyB2aWV3Qm94PScwIDAgMzkzIDQ0MycgeG1sbnM9J2h0dHA6Ly93d3cudzMub3JnLzIwMDAvc3ZnJz48L3N2Zz4=\" srcset=\"https:\/\/banulbotosanean.ro\/wp-content\/uploads\/2024\/09\/eltransbt.jpg 393w, https:\/\/banulbotosanean.ro\/wp-content\/uploads\/2024\/09\/eltransbt-266x300.jpg 266w, https:\/\/banulbotosanean.ro\/wp-content\/uploads\/2024\/09\/eltransbt-150x169.jpg 150w\" sizes=\"(max-width: 393px) 100vw, 393px\" data-src=\"https:\/\/banulbotosanean.ro\/wp-content\/uploads\/2024\/09\/eltransbt.jpg\" alt=\"\" title=\"\">\t\t\t\t\t\t\t\t\t\t\t\t\t\t\t<\/div>\n\t\t\t\t<\/div>\n\t\t\t\t<div class=\"elementor-element elementor-element-426a57f elementor-widget-divider--view-line elementor-widget elementor-widget-divider\" data-id=\"426a57f\" data-element_type=\"widget\" data-e-type=\"widget\" data-widget_type=\"divider.default\">\n\t\t\t\t<div class=\"elementor-widget-container\">\n\t\t\t\t\t\t\t<div class=\"elementor-divider\">\n\t\t\t<span class=\"elementor-divider-separator\">\n\t\t\t\t\t\t<\/span>\n\t\t<\/div>\n\t\t\t\t\t\t<\/div>\n\t\t\t\t<\/div>\n\t\t\t\t<div class=\"elementor-element elementor-element-6b73523e elementor-widget elementor-widget-smartmag-heading\" data-id=\"6b73523e\" data-element_type=\"widget\" data-e-type=\"widget\" data-widget_type=\"smartmag-heading.default\">\n\t\t\t\t<div class=\"elementor-widget-container\">\n\t\t\t\t\t\t\t\t\t\t\n\t\t\t\t\t\t\t\n\t\t\t\t<div class=\"block-head block-head-ac block-head-c is-left\">\n\n\t\t\t\t\t<h4 class=\"heading\">Social Media<\/h4>\t\t\t\t\t\n\t\t\t\t\t\t\t\t\t<\/div>\n\t\t\t\t\n\t\t\t\n\t\t\t\t\t\t<\/div>\n\t\t\t\t<\/div>\n\t\t\t\t<div class=\"elementor-element elementor-element-7bed0b79 elementor-widget elementor-widget-wp-widget-bunyad-social\" data-id=\"7bed0b79\" data-element_type=\"widget\" data-e-type=\"widget\" data-widget_type=\"wp-widget-bunyad-social.default\">\n\t\t\t\t<div class=\"elementor-widget-container\">\n\t\t\t\t\t<div class=\"widget widget-social-b\">\t\t<div class=\"spc-social-follow spc-social-follow-b spc-social-colors spc-social-bg\">\n\t\t\t<ul class=\"services grid grid-2 md:grid-4 sm:grid-2\" itemscope itemtype=\"http:\/\/schema.org\/Organization\">\n\t\t\t\t<link itemprop=\"url\" href=\"https:\/\/banulbotosanean.ro\/\">\n\t\t\t\t\t\t\t\t\n\t\t\t\t<li class=\"service-wrap\">\n\n\t\t\t\t\t<a href=\"https:\/\/www.facebook.com\/profile.php?id=100076049379860\" class=\"service service-link s-facebook\" target=\"_blank\" itemprop=\"sameAs\" rel=\"nofollow noopener\">\n\t\t\t\t\t\t<i class=\"the-icon tsi tsi-facebook\"><\/i>\n\t\t\t\t\t\t<span class=\"label\">Facebook<\/span>\n\n\t\t\t\t\t\t\t\n\t\t\t\t\t<\/a>\n\n\t\t\t\t<\/li>\n\t\t\t\t\n\t\t\t\t\t\t\t\t\n\t\t\t\t<li class=\"service-wrap\">\n\n\t\t\t\t\t<a href=\"https:\/\/x.com\/BanulBotosanea?t=HSwuuxBflY9ngJaOH06wiw&#038;s=09\" class=\"service service-link s-twitter\" target=\"_blank\" itemprop=\"sameAs\" rel=\"nofollow noopener\">\n\t\t\t\t\t\t<i class=\"the-icon tsi tsi-twitter\"><\/i>\n\t\t\t\t\t\t<span class=\"label\">Twitter<\/span>\n\n\t\t\t\t\t\t\t\n\t\t\t\t\t<\/a>\n\n\t\t\t\t<\/li>\n\t\t\t\t\n\t\t\t\t\t\t\t\t\n\t\t\t\t<li class=\"service-wrap\">\n\n\t\t\t\t\t<a href=\"https:\/\/www.instagram.com\/bogdanmihaicaliniuc\/\" class=\"service service-link s-instagram\" target=\"_blank\" itemprop=\"sameAs\" rel=\"nofollow noopener\">\n\t\t\t\t\t\t<i class=\"the-icon tsi tsi-instagram\"><\/i>\n\t\t\t\t\t\t<span class=\"label\">Instagram<\/span>\n\n\t\t\t\t\t\t\t\n\t\t\t\t\t<\/a>\n\n\t\t\t\t<\/li>\n\t\t\t\t\n\t\t\t\t\t\t\t\t\n\t\t\t\t<li class=\"service-wrap\">\n\n\t\t\t\t\t<a href=\"https:\/\/www.youtube.com\/@banulbotosanean\" class=\"service service-link s-youtube\" target=\"_blank\" itemprop=\"sameAs\" rel=\"nofollow noopener\">\n\t\t\t\t\t\t<i class=\"the-icon tsi tsi-youtube-play\"><\/i>\n\t\t\t\t\t\t<span class=\"label\">YouTube<\/span>\n\n\t\t\t\t\t\t\t\n\t\t\t\t\t<\/a>\n\n\t\t\t\t<\/li>\n\t\t\t\t\n\t\t\t\t\t\t\t\t\n\t\t\t\t<li class=\"service-wrap\">\n\n\t\t\t\t\t<a href=\"https:\/\/www.tiktok.com\/@bogdancaliniuc1\" class=\"service service-link s-tiktok\" target=\"_blank\" itemprop=\"sameAs\" rel=\"nofollow noopener\">\n\t\t\t\t\t\t<i class=\"the-icon tsi tsi-tiktok\"><\/i>\n\t\t\t\t\t\t<span class=\"label\">TikTok<\/span>\n\n\t\t\t\t\t\t\t\n\t\t\t\t\t<\/a>\n\n\t\t\t\t<\/li>\n\t\t\t\t\n\t\t\t\t\t\t\t<\/ul>\n\t\t<\/div>\n\t\t\n\t\t<\/div>\t\t\t\t<\/div>\n\t\t\t\t<\/div>\n\t\t\t\t\t<\/div>\n\t\t<\/div>\n\t\t\t\t\t<\/div>\n\t\t<\/section>\n\t\t\t\t<section class=\"has-el-gap el-gap-default elementor-section elementor-top-section elementor-element elementor-element-3fdd41f1 elementor-section-boxed elementor-section-height-default elementor-section-height-default\" data-id=\"3fdd41f1\" data-element_type=\"section\" data-e-type=\"section\">\n\t\t\t\t\t\t<div class=\"elementor-container elementor-column-gap-no\">\n\t\t\t\t\t<div class=\"elementor-column elementor-col-66 elementor-top-column elementor-element elementor-element-426f1e5c main-content\" data-id=\"426f1e5c\" data-element_type=\"column\" data-e-type=\"column\">\n\t\t\t<div class=\"elementor-widget-wrap elementor-element-populated\">\n\t\t\t\t\t\t<div class=\"elementor-element elementor-element-3d22dcce elementor-widget elementor-widget-smartmag-postslist\" data-id=\"3d22dcce\" data-element_type=\"widget\" data-e-type=\"widget\" data-widget_type=\"smartmag-postslist.default\">\n\t\t\t\t<div class=\"elementor-widget-container\">\n\t\t\t\t\t\t\t<section class=\"block-wrap block-posts-list block-sc mb-none\" data-id=\"4\">\n\n\t\t\t\t\t\t\t\t\n\t\t\t\t\t\t\t\n\t\t\t\t<div class=\"block-head block-head-ac block-head-c is-left\">\n\n\t\t\t\t\t<h4 class=\"heading\">Stiri locale<\/h4>\t\t\t\t\t\n\t\t\t\t\t\t\t\t\t<\/div>\n\t\t\t\t\n\t\t\t\n\t\t\t\n\t\t\t<div class=\"block-content\">\n\t\t\t\t\t\n\t<div class=\"loop loop-list grid grid-1 md:grid-1 sm:grid-1\">\n\n\t\t\t\t\n\t\t\t\n<article class=\"l-post list-post list-post-v-center grid-on-sm m-pos-left\">\n\n\t\n\t\t\t<div class=\"media\">\n\n\t\t\n\t\t\t<a href=\"https:\/\/banulbotosanean.ro\/index.php\/2026\/09\/04\/festivalul-de-epigrame-si-umor-grafic-cik-damadian-aduce-spectacole-si-vizite-culturale-la-botosani-pe-4-5-septembrie\/\" class=\"image-link media-ratio ratio-3-2\" title=\"Festivalul de Epigrame \u0219i Umor Grafic \u201eCik Damadian&#8221; aduce spectacole \u0219i vizite culturale la Boto\u0219ani, pe 4-5 septembrie\"><img loading=\"lazy\" decoding=\"async\" width=\"374\" height=\"249\" src=\"https:\/\/banulbotosanean.ro\/wp-content\/uploads\/2026\/09\/cikdamadian_botosani-450x636.jpeg\" class=\"attachment-bunyad-medium size-bunyad-medium wp-post-image\" alt=\"\" sizes=\"(max-width: 374px) 100vw, 374px\" title=\"Festivalul de Epigrame \u0219i Umor Grafic \u201eCik Damadian&#8221; aduce spectacole \u0219i vizite culturale la Boto\u0219ani, pe 4-5 septembrie\" srcset=\"https:\/\/banulbotosanean.ro\/wp-content\/uploads\/2026\/09\/cikdamadian_botosani-450x636.jpeg 450w, https:\/\/banulbotosanean.ro\/wp-content\/uploads\/2026\/09\/cikdamadian_botosani-212x300.jpeg 212w, https:\/\/banulbotosanean.ro\/wp-content\/uploads\/2026\/09\/cikdamadian_botosani-725x1024.jpeg 725w, https:\/\/banulbotosanean.ro\/wp-content\/uploads\/2026\/09\/cikdamadian_botosani-768x1085.jpeg 768w, https:\/\/banulbotosanean.ro\/wp-content\/uploads\/2026\/09\/cikdamadian_botosani-1088x1536.jpeg 1088w, https:\/\/banulbotosanean.ro\/wp-content\/uploads\/2026\/09\/cikdamadian_botosani-1200x1695.jpeg 1200w, https:\/\/banulbotosanean.ro\/wp-content\/uploads\/2026\/09\/cikdamadian_botosani.jpeg 1450w\"><\/a>\t\t\t\n\t\t\t\n\t\t\t\n\t\t\t\n\t\t\n\t\t<\/div>\n\t\n\n\t\n\t\t<div class=\"content\">\n\n\t\t\t<div class=\"post-meta post-meta-a\"><div class=\"post-meta-items meta-above\"><span class=\"meta-item cat-labels\">\n\t\t\t\t\t\t\n\t\t\t\t\t\t<a href=\"https:\/\/banulbotosanean.ro\/index.php\/category\/stiri-botosani\/\" class=\"category term-color-4\" rel=\"category\">Featured<\/a>\n\t\t\t\t\t<\/span>\n\t\t\t\t\t<\/div><h2 class=\"is-title post-title\"><a href=\"https:\/\/banulbotosanean.ro\/index.php\/2026\/09\/04\/festivalul-de-epigrame-si-umor-grafic-cik-damadian-aduce-spectacole-si-vizite-culturale-la-botosani-pe-4-5-septembrie\/\">Festivalul de Epigrame \u0219i Umor Grafic \u201eCik Damadian&#8221; aduce spectacole \u0219i vizite culturale la Boto\u0219ani, pe 4-5 septembrie<\/a><\/h2><\/div>\t\t\t\n\t\t\t\t\t\t\n\t\t\t\t<div class=\"excerpt\">\n\t\t\t\t\t<p>Festivalul de Epigrame \u0219i Umor Grafic \u201eCik Damadian&#8221; transform\u0103 Boto\u0219aniul \u00eentr-o capital\u0103 a umorului, pe 4&hellip;<\/p>\n\t\t\t\t<\/div>\n\t\t\t\n\t\t\t\n\t\t\t\n\t\t<\/div>\n\n\t\n<\/article>\n\t\t\n\t<\/div>\n\n\t\t\t\t\t<\/div>\n\n\t\t<\/section>\n\t\t\t\t\t\t<\/div>\n\t\t\t\t<\/div>\n\t\t\t\t<div class=\"elementor-element elementor-element-364d3847 elementor-widget elementor-widget-smartmag-postssmall\" data-id=\"364d3847\" data-element_type=\"widget\" data-e-type=\"widget\" data-widget_type=\"smartmag-postssmall.default\">\n\t\t\t\t<div class=\"elementor-widget-container\">\n\t\t\t\t\t\t\t<section class=\"block-wrap block-posts-small block-sc\" data-id=\"5\">\n\n\t\t\t\t\n\t\t\t<div class=\"block-content\">\n\t\t\t\t\n\t<div class=\"loop loop-small loop-small- grid grid-2 md:grid-1 sm:grid-1 xs:grid-1\">\n\n\t\t\t\t\t\n<article class=\"l-post small-post m-pos-left\">\n\n\t\n\t\t\t<div class=\"media\">\n\n\t\t\n\t\t\t<a href=\"https:\/\/banulbotosanean.ro\/index.php\/2026\/09\/03\/lucrari-de-apa-si-canalizare-scoase-la-licitatie-pentru-satele-nicseni-si-dorobanti\/\" class=\"image-link media-ratio ar-bunyad-thumb\" title=\"Lucr\u0103ri de ap\u0103 \u0219i canalizare scoase la licita\u021bie pentru satele Nic\u0219eni \u0219i Doroban\u021bi\"><img loading=\"lazy\" decoding=\"async\" width=\"106\" height=\"73\" src=\"https:\/\/banulbotosanean.ro\/wp-content\/uploads\/2025\/02\/apa-canalizare.jpeg\" class=\"attachment-large size-large wp-post-image\" alt=\"\" sizes=\"(max-width: 106px) 100vw, 106px\" title=\"Lucr\u0103ri de ap\u0103 \u0219i canalizare scoase la licita\u021bie pentru satele Nic\u0219eni \u0219i Doroban\u021bi\" srcset=\"https:\/\/banulbotosanean.ro\/wp-content\/uploads\/2025\/02\/apa-canalizare.jpeg 235w, https:\/\/banulbotosanean.ro\/wp-content\/uploads\/2025\/02\/apa-canalizare-150x137.jpeg 150w\"><\/a>\t\t\t\n\t\t\t\n\t\t\t\n\t\t\t\n\t\t\n\t\t<\/div>\n\t\n\n\t\n\t\t<div class=\"content\">\n\n\t\t\t<div class=\"post-meta post-meta-a post-meta-left has-below\"><h4 class=\"is-title post-title\"><a href=\"https:\/\/banulbotosanean.ro\/index.php\/2026\/09\/03\/lucrari-de-apa-si-canalizare-scoase-la-licitatie-pentru-satele-nicseni-si-dorobanti\/\">Lucr\u0103ri de ap\u0103 \u0219i canalizare scoase la licita\u021bie pentru satele Nic\u0219eni \u0219i Doroban\u021bi<\/a><\/h4><div class=\"post-meta-items meta-below\"><span class=\"meta-item date\"><span class=\"date-link\"><time class=\"post-date\" datetime=\"2026-09-03T17:07:38+02:00\">3 septembrie 2026<\/time><\/span><\/span><\/div><\/div>\t\t\t\n\t\t\t\n\t\t\t\n\t\t<\/div>\n\n\t\n<\/article>\t\n\t\t\t\t\t\n<article class=\"l-post small-post m-pos-left\">\n\n\t\n\t\t\t<div class=\"media\">\n\n\t\t\n\t\t\t<a href=\"https:\/\/banulbotosanean.ro\/index.php\/2026\/09\/03\/modern-calor-anunta-umplerea-instalatiilor-de-incalzire-proprietarii-sfatuiti-sa-finalizeze-reparatiile-pana-pe-7-septembrie\/\" class=\"image-link media-ratio ar-bunyad-thumb\" title=\"Modern Calor anun\u021b\u0103 umplerea instala\u021biilor de \u00eenc\u0103lzire. Proprietarii, sf\u0103tui\u021bi s\u0103 finalizeze repara\u021biile p\u00e2n\u0103 pe 7 septembrie\"><img loading=\"lazy\" decoding=\"async\" width=\"106\" height=\"73\" src=\"https:\/\/banulbotosanean.ro\/wp-content\/uploads\/2024\/10\/caldura-calorifer-modern-calor-300x146.jpg\" class=\"attachment-medium size-medium wp-post-image\" alt=\"\" sizes=\"(max-width: 106px) 100vw, 106px\" title=\"Modern Calor anun\u021b\u0103 umplerea instala\u021biilor de \u00eenc\u0103lzire. Proprietarii, sf\u0103tui\u021bi s\u0103 finalizeze repara\u021biile p\u00e2n\u0103 pe 7 septembrie\" srcset=\"https:\/\/banulbotosanean.ro\/wp-content\/uploads\/2024\/10\/caldura-calorifer-modern-calor-300x146.jpg 300w, https:\/\/banulbotosanean.ro\/wp-content\/uploads\/2024\/10\/caldura-calorifer-modern-calor-1024x499.jpg 1024w, https:\/\/banulbotosanean.ro\/wp-content\/uploads\/2024\/10\/caldura-calorifer-modern-calor-768x374.jpg 768w, https:\/\/banulbotosanean.ro\/wp-content\/uploads\/2024\/10\/caldura-calorifer-modern-calor-150x73.jpg 150w, https:\/\/banulbotosanean.ro\/wp-content\/uploads\/2024\/10\/caldura-calorifer-modern-calor-450x219.jpg 450w, https:\/\/banulbotosanean.ro\/wp-content\/uploads\/2024\/10\/caldura-calorifer-modern-calor-1200x585.jpg 1200w, https:\/\/banulbotosanean.ro\/wp-content\/uploads\/2024\/10\/caldura-calorifer-modern-calor.jpg 1385w\"><\/a>\t\t\t\n\t\t\t\n\t\t\t\n\t\t\t\n\t\t\n\t\t<\/div>\n\t\n\n\t\n\t\t<div class=\"content\">\n\n\t\t\t<div class=\"post-meta post-meta-a post-meta-left has-below\"><h4 class=\"is-title post-title\"><a href=\"https:\/\/banulbotosanean.ro\/index.php\/2026\/09\/03\/modern-calor-anunta-umplerea-instalatiilor-de-incalzire-proprietarii-sfatuiti-sa-finalizeze-reparatiile-pana-pe-7-septembrie\/\">Modern Calor anun\u021b\u0103 umplerea instala\u021biilor de \u00eenc\u0103lzire. Proprietarii, sf\u0103tui\u021bi s\u0103 finalizeze repara\u021biile p\u00e2n\u0103 pe 7 septembrie<\/a><\/h4><div class=\"post-meta-items meta-below\"><span class=\"meta-item date\"><span class=\"date-link\"><time class=\"post-date\" datetime=\"2026-09-03T11:43:36+02:00\">3 septembrie 2026<\/time><\/span><\/span><\/div><\/div>\t\t\t\n\t\t\t\n\t\t\t\n\t\t<\/div>\n\n\t\n<\/article>\t\n\t\t\t\t\t\n<article class=\"l-post small-post m-pos-left\">\n\n\t\n\t\t\t<div class=\"media\">\n\n\t\t\n\t\t\t<a href=\"https:\/\/banulbotosanean.ro\/index.php\/2026\/09\/01\/iti-tara-de-sus-vrea-acreditare-ca-furnizor-de-servicii-sociale-pentru-a-accesa-800-000-de-euro-din-fonduri-europene\/\" class=\"image-link media-ratio ar-bunyad-thumb\" title=\"ITI \u021aara de Sus vrea acreditare ca furnizor de servicii sociale, pentru a accesa 800.000 de euro din fonduri europene\"><img loading=\"lazy\" decoding=\"async\" width=\"106\" height=\"73\" src=\"https:\/\/banulbotosanean.ro\/wp-content\/uploads\/2026\/09\/IMG_1650-300x225.jpeg\" class=\"attachment-medium size-medium wp-post-image\" alt=\"Lucian Trufin, director ITI \u021aara de Sus\" sizes=\"(max-width: 106px) 100vw, 106px\" title=\"ITI \u021aara de Sus vrea acreditare ca furnizor de servicii sociale, pentru a accesa 800.000 de euro din fonduri europene\" srcset=\"https:\/\/banulbotosanean.ro\/wp-content\/uploads\/2026\/09\/IMG_1650-300x225.jpeg 300w, https:\/\/banulbotosanean.ro\/wp-content\/uploads\/2026\/09\/IMG_1650-1024x768.jpeg 1024w, https:\/\/banulbotosanean.ro\/wp-content\/uploads\/2026\/09\/IMG_1650-768x576.jpeg 768w, https:\/\/banulbotosanean.ro\/wp-content\/uploads\/2026\/09\/IMG_1650-1536x1152.jpeg 1536w, https:\/\/banulbotosanean.ro\/wp-content\/uploads\/2026\/09\/IMG_1650-2048x1536.jpeg 2048w, https:\/\/banulbotosanean.ro\/wp-content\/uploads\/2026\/09\/IMG_1650-150x113.jpeg 150w, https:\/\/banulbotosanean.ro\/wp-content\/uploads\/2026\/09\/IMG_1650-450x338.jpeg 450w, https:\/\/banulbotosanean.ro\/wp-content\/uploads\/2026\/09\/IMG_1650-1200x900.jpeg 1200w\" \/><\/a>\t\t\t\n\t\t\t\n\t\t\t\n\t\t\t\n\t\t\n\t\t<\/div>\n\t\n\n\t\n\t\t<div class=\"content\">\n\n\t\t\t<div class=\"post-meta post-meta-a post-meta-left has-below\"><h4 class=\"is-title post-title\"><a href=\"https:\/\/banulbotosanean.ro\/index.php\/2026\/09\/01\/iti-tara-de-sus-vrea-acreditare-ca-furnizor-de-servicii-sociale-pentru-a-accesa-800-000-de-euro-din-fonduri-europene\/\">ITI \u021aara de Sus vrea acreditare ca furnizor de servicii sociale, pentru a accesa 800.000 de euro din fonduri europene<\/a><\/h4><div class=\"post-meta-items meta-below\"><span class=\"meta-item date\"><span class=\"date-link\"><time class=\"post-date\" datetime=\"2026-09-01T08:01:02+02:00\">1 septembrie 2026<\/time><\/span><\/span><\/div><\/div>\t\t\t\n\t\t\t\n\t\t\t\n\t\t<\/div>\n\n\t\n<\/article>\t\n\t\t\t\t\t\n<article class=\"l-post small-post m-pos-left\">\n\n\t\n\t\t\t<div class=\"media\">\n\n\t\t\n\t\t\t<a href=\"https:\/\/banulbotosanean.ro\/index.php\/2026\/08\/31\/modern-calor-racordeaza-instalatia-noua-de-producere-energie-termica-si-electrica-in-cogenerare-de-60-milioane-lei-asta-va-duce-la-sistarea-furnizarii-apei-calde-pentru-cateva-zile\/\" class=\"image-link media-ratio ar-bunyad-thumb\" title=\"Modern Calor racordeaz\u0103 instala\u021bia nou\u0103 de producere energie termic\u0103 \u0219i electric\u0103 \u00een cogenerare de 60 milioane lei. Asta va duce la sistarea furniz\u0103rii apei calde pentru c\u00e2teva zile\"><img loading=\"lazy\" decoding=\"async\" width=\"106\" height=\"73\" src=\"https:\/\/banulbotosanean.ro\/wp-content\/uploads\/2025\/02\/modern-calor-botosani-300x198.jpg\" class=\"attachment-medium size-medium wp-post-image\" alt=\"\" sizes=\"(max-width: 106px) 100vw, 106px\" title=\"Modern Calor racordeaz\u0103 instala\u021bia nou\u0103 de producere energie termic\u0103 \u0219i electric\u0103 \u00een cogenerare de 60 milioane lei. Asta va duce la sistarea furniz\u0103rii apei calde pentru c\u00e2teva zile\" srcset=\"https:\/\/banulbotosanean.ro\/wp-content\/uploads\/2025\/02\/modern-calor-botosani-300x198.jpg 300w, https:\/\/banulbotosanean.ro\/wp-content\/uploads\/2025\/02\/modern-calor-botosani-150x99.jpg 150w, https:\/\/banulbotosanean.ro\/wp-content\/uploads\/2025\/02\/modern-calor-botosani-450x298.jpg 450w, https:\/\/banulbotosanean.ro\/wp-content\/uploads\/2025\/02\/modern-calor-botosani.jpg 738w\"><\/a>\t\t\t\n\t\t\t\n\t\t\t\n\t\t\t\n\t\t\n\t\t<\/div>\n\t\n\n\t\n\t\t<div class=\"content\">\n\n\t\t\t<div class=\"post-meta post-meta-a post-meta-left has-below\"><h4 class=\"is-title post-title\"><a href=\"https:\/\/banulbotosanean.ro\/index.php\/2026\/08\/31\/modern-calor-racordeaza-instalatia-noua-de-producere-energie-termica-si-electrica-in-cogenerare-de-60-milioane-lei-asta-va-duce-la-sistarea-furnizarii-apei-calde-pentru-cateva-zile\/\">Modern Calor racordeaz\u0103 instala\u021bia nou\u0103 de producere energie termic\u0103 \u0219i electric\u0103 \u00een cogenerare de 60 milioane lei. Asta va duce la sistarea furniz\u0103rii apei calde pentru c\u00e2teva zile<\/a><\/h4><div class=\"post-meta-items meta-below\"><span class=\"meta-item date\"><span class=\"date-link\"><time class=\"post-date\" datetime=\"2026-08-31T11:04:12+02:00\">31 august 2026<\/time><\/span><\/span><\/div><\/div>\t\t\t\n\t\t\t\n\t\t\t\n\t\t<\/div>\n\n\t\n<\/article>\t\n\t\t\n\t<\/div>\n\n\t\t\t\t\t<\/div>\n\n\t\t<\/section>\n\t\t\t\t\t\t<\/div>\n\t\t\t\t<\/div>\n\t\t\t\t<div class=\"elementor-element elementor-element-3f19b0de elementor-widget elementor-widget-smartmag-grid\" data-id=\"3f19b0de\" data-element_type=\"widget\" data-e-type=\"widget\" data-widget_type=\"smartmag-grid.default\">\n\t\t\t\t<div class=\"elementor-widget-container\">\n\t\t\t\t\t\t\t<section class=\"block-wrap block-grid block-sc\" data-id=\"6\" data-block=\"{&quot;id&quot;:&quot;grid&quot;,&quot;props&quot;:{&quot;cat_labels&quot;:&quot;1&quot;,&quot;cat_labels_pos&quot;:&quot;bot-left&quot;,&quot;reviews&quot;:&quot;stars&quot;,&quot;post_formats_pos&quot;:&quot;center&quot;,&quot;load_more_style&quot;:&quot;a&quot;,&quot;meta_cat_style&quot;:&quot;text&quot;,&quot;media_style_shadow&quot;:0,&quot;meta_sponsor&quot;:1,&quot;meta_sponsor_logo&quot;:0,&quot;meta_sponsor_label&quot;:&quot;Sponsor: {sponsor}&quot;,&quot;meta_above&quot;:[],&quot;meta_below&quot;:[&quot;date&quot;],&quot;meta_sponsor_above&quot;:[],&quot;meta_sponsor_below&quot;:[&quot;sponsor&quot;,&quot;date&quot;],&quot;media_ratio&quot;:&quot;3-2&quot;,&quot;media_ratio_custom&quot;:&quot;&quot;,&quot;read_more&quot;:&quot;none&quot;,&quot;content_center&quot;:0,&quot;container_width&quot;:66,&quot;heading&quot;:&quot;Postari noi&quot;,&quot;filters&quot;:&quot;category&quot;,&quot;filters_terms&quot;:[&quot;6&quot;,&quot;7&quot;,&quot;8&quot;],&quot;excerpts&quot;:&quot;&quot;,&quot;posts&quot;:6,&quot;pagination&quot;:&quot;1&quot;,&quot;heading_colors&quot;:&quot;none&quot;,&quot;pagination_links&quot;:null,&quot;meta_sponsor_items_default&quot;:true,&quot;query_type&quot;:&quot;custom&quot;,&quot;sort_days&quot;:null,&quot;carousel_dots&quot;:null,&quot;is_sc_call&quot;:true,&quot;meta_items_default&quot;:true}}\">\n\n\t\t\t\t\t\t\t\t\n\t\t\t\t\t\t\t\n\t\t\t\t<div class=\"block-head block-head-ac block-head-c is-left\">\n\n\t\t\t\t\t<h4 class=\"heading\">Postari noi<\/h4>\t\t\t\t\t\t\t\t\n\t\t\t<ul class=\"subcats filters\">\n\t\t\t\t<li><a href=\"#\" data-id=\"0\" class=\"active\">All<\/a><\/li>\n\t\t\t\t<li><a href=\"https:\/\/banulbotosanean.ro\/index.php\/category\/visit-botosani\/\" data-id=\"6\">Visit Botosani<\/a><\/li>\n<li><a href=\"https:\/\/banulbotosanean.ro\/index.php\/category\/economic\/\" data-id=\"7\">Economic<\/a><\/li>\t\t\t<\/ul>\n\t\t\t\n\t\t\t\n\t\t\t\t\t\t\t\t\t<\/div>\n\t\t\t\t\n\t\t\t\n\t\t\t\n\t\t\t<div class=\"block-content\">\n\t\t\t\t\t\n\t<div class=\"loop loop-grid loop-grid-base grid grid-2 md:grid-2 xs:grid-1\">\n\n\t\t\t\t\t\n<article class=\"l-post grid-post grid-base-post\">\n\n\t\n\t\t\t<div class=\"media\">\n\n\t\t\n\t\t\t<a href=\"https:\/\/banulbotosanean.ro\/index.php\/2026\/09\/04\/comunicat-de-presa-inceput-proiect-re-tex-reutilizare-transformare-textila-in-cadrul-firmei-prisma-com\/\" class=\"image-link media-ratio ratio-3-2\" title=\"COMUNICAT DE PRES\u0102: \u00cenceput proiect \u201eRE-TEX \u2013 Reutilizare &#038; Transformare Textil\u0103 \u00een cadrul firmei PRISMA COM\u201d\"><img loading=\"lazy\" decoding=\"async\" width=\"364\" height=\"243\" src=\"https:\/\/banulbotosanean.ro\/wp-content\/uploads\/2026\/09\/Cel-mai-greu-traseu-din-Champion-League-450x253.png\" class=\"attachment-bunyad-medium size-bunyad-medium wp-post-image\" alt=\"\" sizes=\"(max-width: 364px) 100vw, 364px\" title=\"COMUNICAT DE PRES\u0102: \u00cenceput proiect \u201eRE-TEX \u2013 Reutilizare &#038; Transformare Textil\u0103 \u00een cadrul firmei PRISMA COM\u201d\" srcset=\"https:\/\/banulbotosanean.ro\/wp-content\/uploads\/2026\/09\/Cel-mai-greu-traseu-din-Champion-League-450x253.png 450w, https:\/\/banulbotosanean.ro\/wp-content\/uploads\/2026\/09\/Cel-mai-greu-traseu-din-Champion-League-1024x576.png 1024w, https:\/\/banulbotosanean.ro\/wp-content\/uploads\/2026\/09\/Cel-mai-greu-traseu-din-Champion-League-768x432.png 768w, https:\/\/banulbotosanean.ro\/wp-content\/uploads\/2026\/09\/Cel-mai-greu-traseu-din-Champion-League-1200x675.png 1200w, https:\/\/banulbotosanean.ro\/wp-content\/uploads\/2026\/09\/Cel-mai-greu-traseu-din-Champion-League.png 1280w\"><\/a>\t\t\t\n\t\t\t\n\t\t\t\n\t\t\t\t\t\t\t\n\t\t\t\t<span class=\"cat-labels cat-labels-overlay c-overlay p-bot-left\">\n\t\t\t\t<a href=\"https:\/\/banulbotosanean.ro\/index.php\/category\/economic\/\" class=\"category term-color-7\" rel=\"category\" tabindex=\"-1\">Economic<\/a>\n\t\t\t<\/span>\n\t\t\t\t\t\t\n\t\t\t\n\t\t\n\t\t<\/div>\n\t\n\n\t\n\t\t<div class=\"content\">\n\n\t\t\t<div class=\"post-meta post-meta-a has-below\"><h2 class=\"is-title post-title\"><a href=\"https:\/\/banulbotosanean.ro\/index.php\/2026\/09\/04\/comunicat-de-presa-inceput-proiect-re-tex-reutilizare-transformare-textila-in-cadrul-firmei-prisma-com\/\">COMUNICAT DE PRES\u0102: \u00cenceput proiect \u201eRE-TEX \u2013 Reutilizare &#038; Transformare Textil\u0103 \u00een cadrul firmei PRISMA COM\u201d<\/a><\/h2><div class=\"post-meta-items meta-below\"><span class=\"meta-item date\"><span class=\"date-link\"><time class=\"post-date\" datetime=\"2026-09-04T13:36:39+02:00\">4 septembrie 2026<\/time><\/span><\/span><\/div><\/div>\t\t\t\n\t\t\t\n\t\t\t\n\t\t<\/div>\n\n\t\n<\/article>\t\t\t\t\t\n<article class=\"l-post grid-post grid-base-post\">\n\n\t\n\t\t\t<div class=\"media\">\n\n\t\t\n\t\t\t<a href=\"https:\/\/banulbotosanean.ro\/index.php\/2026\/09\/04\/festivalul-de-epigrame-si-umor-grafic-cik-damadian-aduce-spectacole-si-vizite-culturale-la-botosani-pe-4-5-septembrie\/\" class=\"image-link media-ratio ratio-3-2\" title=\"Festivalul de Epigrame \u0219i Umor Grafic \u201eCik Damadian&#8221; aduce spectacole \u0219i vizite culturale la Boto\u0219ani, pe 4-5 septembrie\"><img loading=\"lazy\" decoding=\"async\" width=\"364\" height=\"243\" src=\"https:\/\/banulbotosanean.ro\/wp-content\/uploads\/2026\/09\/cikdamadian_botosani-450x636.jpeg\" class=\"attachment-bunyad-medium size-bunyad-medium wp-post-image\" alt=\"\" sizes=\"(max-width: 364px) 100vw, 364px\" title=\"Festivalul de Epigrame \u0219i Umor Grafic \u201eCik Damadian&#8221; aduce spectacole \u0219i vizite culturale la Boto\u0219ani, pe 4-5 septembrie\" srcset=\"https:\/\/banulbotosanean.ro\/wp-content\/uploads\/2026\/09\/cikdamadian_botosani-450x636.jpeg 450w, https:\/\/banulbotosanean.ro\/wp-content\/uploads\/2026\/09\/cikdamadian_botosani-212x300.jpeg 212w, https:\/\/banulbotosanean.ro\/wp-content\/uploads\/2026\/09\/cikdamadian_botosani-725x1024.jpeg 725w, https:\/\/banulbotosanean.ro\/wp-content\/uploads\/2026\/09\/cikdamadian_botosani-768x1085.jpeg 768w, https:\/\/banulbotosanean.ro\/wp-content\/uploads\/2026\/09\/cikdamadian_botosani-1088x1536.jpeg 1088w, https:\/\/banulbotosanean.ro\/wp-content\/uploads\/2026\/09\/cikdamadian_botosani-1200x1695.jpeg 1200w, https:\/\/banulbotosanean.ro\/wp-content\/uploads\/2026\/09\/cikdamadian_botosani.jpeg 1450w\"><\/a>\t\t\t\n\t\t\t\n\t\t\t\n\t\t\t\t\t\t\t\n\t\t\t\t<span class=\"cat-labels cat-labels-overlay c-overlay p-bot-left\">\n\t\t\t\t<a href=\"https:\/\/banulbotosanean.ro\/index.php\/category\/stiri-botosani\/\" class=\"category term-color-4\" rel=\"category\" tabindex=\"-1\">Featured<\/a>\n\t\t\t<\/span>\n\t\t\t\t\t\t\n\t\t\t\n\t\t\n\t\t<\/div>\n\t\n\n\t\n\t\t<div class=\"content\">\n\n\t\t\t<div class=\"post-meta post-meta-a has-below\"><h2 class=\"is-title post-title\"><a href=\"https:\/\/banulbotosanean.ro\/index.php\/2026\/09\/04\/festivalul-de-epigrame-si-umor-grafic-cik-damadian-aduce-spectacole-si-vizite-culturale-la-botosani-pe-4-5-septembrie\/\">Festivalul de Epigrame \u0219i Umor Grafic \u201eCik Damadian&#8221; aduce spectacole \u0219i vizite culturale la Boto\u0219ani, pe 4-5 septembrie<\/a><\/h2><div class=\"post-meta-items meta-below\"><span class=\"meta-item date\"><span class=\"date-link\"><time class=\"post-date\" datetime=\"2026-09-04T13:22:19+02:00\">4 septembrie 2026<\/time><\/span><\/span><\/div><\/div>\t\t\t\n\t\t\t\n\t\t\t\n\t\t<\/div>\n\n\t\n<\/article>\t\t\t\t\t\n<article class=\"l-post grid-post grid-base-post\">\n\n\t\n\t\t\t<div class=\"media\">\n\n\t\t\n\t\t\t<a href=\"https:\/\/banulbotosanean.ro\/index.php\/2026\/09\/04\/tranzactie-raportata-la-bvb-un-membru-al-conducerii-electrocontact-cumpara-actiuni-ale-companiei\/\" class=\"image-link media-ratio ratio-3-2\" title=\"Tranzac\u021bie raportat\u0103 la BVB: un membru al conducerii Electrocontact cump\u0103r\u0103 ac\u021biuni ale companiei\"><img loading=\"lazy\" decoding=\"async\" width=\"364\" height=\"243\" src=\"https:\/\/banulbotosanean.ro\/wp-content\/uploads\/2025\/12\/grupul_industrial_electrocontact_Botosani-e1765955490310-450x293.jpg\" class=\"attachment-bunyad-medium size-bunyad-medium wp-post-image\" alt=\"\" sizes=\"(max-width: 364px) 100vw, 364px\" title=\"Tranzac\u021bie raportat\u0103 la BVB: un membru al conducerii Electrocontact cump\u0103r\u0103 ac\u021biuni ale companiei\" srcset=\"https:\/\/banulbotosanean.ro\/wp-content\/uploads\/2025\/12\/grupul_industrial_electrocontact_Botosani-e1765955490310-450x293.jpg 450w, https:\/\/banulbotosanean.ro\/wp-content\/uploads\/2025\/12\/grupul_industrial_electrocontact_Botosani-e1765955490310-300x195.jpg 300w, https:\/\/banulbotosanean.ro\/wp-content\/uploads\/2025\/12\/grupul_industrial_electrocontact_Botosani-e1765955490310-1024x666.jpg 1024w, https:\/\/banulbotosanean.ro\/wp-content\/uploads\/2025\/12\/grupul_industrial_electrocontact_Botosani-e1765955490310-768x500.jpg 768w, https:\/\/banulbotosanean.ro\/wp-content\/uploads\/2025\/12\/grupul_industrial_electrocontact_Botosani-e1765955490310-150x98.jpg 150w, https:\/\/banulbotosanean.ro\/wp-content\/uploads\/2025\/12\/grupul_industrial_electrocontact_Botosani-e1765955490310.jpg 1107w\"><\/a>\t\t\t\n\t\t\t\n\t\t\t\n\t\t\t\t\t\t\t\n\t\t\t\t<span class=\"cat-labels cat-labels-overlay c-overlay p-bot-left\">\n\t\t\t\t<a href=\"https:\/\/banulbotosanean.ro\/index.php\/category\/economic\/\" class=\"category term-color-7\" rel=\"category\" tabindex=\"-1\">Economic<\/a>\n\t\t\t<\/span>\n\t\t\t\t\t\t\n\t\t\t\n\t\t\n\t\t<\/div>\n\t\n\n\t\n\t\t<div class=\"content\">\n\n\t\t\t<div class=\"post-meta post-meta-a has-below\"><h2 class=\"is-title post-title\"><a href=\"https:\/\/banulbotosanean.ro\/index.php\/2026\/09\/04\/tranzactie-raportata-la-bvb-un-membru-al-conducerii-electrocontact-cumpara-actiuni-ale-companiei\/\">Tranzac\u021bie raportat\u0103 la BVB: un membru al conducerii Electrocontact cump\u0103r\u0103 ac\u021biuni ale companiei<\/a><\/h2><div class=\"post-meta-items meta-below\"><span class=\"meta-item date\"><span class=\"date-link\"><time class=\"post-date\" datetime=\"2026-09-04T12:24:30+02:00\">4 septembrie 2026<\/time><\/span><\/span><\/div><\/div>\t\t\t\n\t\t\t\n\t\t\t\n\t\t<\/div>\n\n\t\n<\/article>\t\t\t\t\t\n<article class=\"l-post grid-post grid-base-post\">\n\n\t\n\t\t\t<div class=\"media\">\n\n\t\t\n\t\t\t<a href=\"https:\/\/banulbotosanean.ro\/index.php\/2026\/09\/04\/ariadna-cirligeanu-despre-demisia-lui-silegeanu-a-fost-o-neintelegere-am-convingerea-ca-va-reveni-asupra-deciziei\/\" class=\"image-link media-ratio ratio-3-2\" title=\"Ariadna C\u00eerligeanu, despre demisia lui Silegeanu: \u201eA fost o ne\u00een\u021belegere. Am convingerea c\u0103 va reveni asupra deciziei\u201d\"><img loading=\"lazy\" decoding=\"async\" width=\"364\" height=\"243\" src=\"https:\/\/banulbotosanean.ro\/wp-content\/uploads\/2024\/08\/CatalinSilegeanu_AriadnaCarligeanu_AUR_Botosani-450x338.jpeg\" class=\"attachment-bunyad-medium size-bunyad-medium wp-post-image\" alt=\"\" sizes=\"(max-width: 364px) 100vw, 364px\" title=\"Ariadna C\u00eerligeanu, despre demisia lui Silegeanu: \u201eA fost o ne\u00een\u021belegere. Am convingerea c\u0103 va reveni asupra deciziei\u201d\" srcset=\"https:\/\/banulbotosanean.ro\/wp-content\/uploads\/2024\/08\/CatalinSilegeanu_AriadnaCarligeanu_AUR_Botosani-450x338.jpeg 450w, https:\/\/banulbotosanean.ro\/wp-content\/uploads\/2024\/08\/CatalinSilegeanu_AriadnaCarligeanu_AUR_Botosani-1024x768.jpeg 1024w, https:\/\/banulbotosanean.ro\/wp-content\/uploads\/2024\/08\/CatalinSilegeanu_AriadnaCarligeanu_AUR_Botosani-768x576.jpeg 768w, https:\/\/banulbotosanean.ro\/wp-content\/uploads\/2024\/08\/CatalinSilegeanu_AriadnaCarligeanu_AUR_Botosani-1536x1152.jpeg 1536w, https:\/\/banulbotosanean.ro\/wp-content\/uploads\/2024\/08\/CatalinSilegeanu_AriadnaCarligeanu_AUR_Botosani-1200x900.jpeg 1200w, https:\/\/banulbotosanean.ro\/wp-content\/uploads\/2024\/08\/CatalinSilegeanu_AriadnaCarligeanu_AUR_Botosani.jpeg 2048w\"><\/a>\t\t\t\n\t\t\t\n\t\t\t\n\t\t\t\t\t\t\t\n\t\t\t\t<span class=\"cat-labels cat-labels-overlay c-overlay p-bot-left\">\n\t\t\t\t<a href=\"https:\/\/banulbotosanean.ro\/index.php\/category\/stiri-botosani\/\" class=\"category term-color-4\" rel=\"category\" tabindex=\"-1\">Featured<\/a>\n\t\t\t<\/span>\n\t\t\t\t\t\t\n\t\t\t\n\t\t\n\t\t<\/div>\n\t\n\n\t\n\t\t<div class=\"content\">\n\n\t\t\t<div class=\"post-meta post-meta-a has-below\"><h2 class=\"is-title post-title\"><a href=\"https:\/\/banulbotosanean.ro\/index.php\/2026\/09\/04\/ariadna-cirligeanu-despre-demisia-lui-silegeanu-a-fost-o-neintelegere-am-convingerea-ca-va-reveni-asupra-deciziei\/\">Ariadna C\u00eerligeanu, despre demisia lui Silegeanu: \u201eA fost o ne\u00een\u021belegere. Am convingerea c\u0103 va reveni asupra deciziei\u201d<\/a><\/h2><div class=\"post-meta-items meta-below\"><span class=\"meta-item date\"><span class=\"date-link\"><time class=\"post-date\" datetime=\"2026-09-04T12:09:11+02:00\">4 septembrie 2026<\/time><\/span><\/span><\/div><\/div>\t\t\t\n\t\t\t\n\t\t\t\n\t\t<\/div>\n\n\t\n<\/article>\t\t\t\t\t\n<article class=\"l-post grid-post grid-base-post\">\n\n\t\n\t\t\t<div class=\"media\">\n\n\t\t\n\t\t\t<a href=\"https:\/\/banulbotosanean.ro\/index.php\/2026\/09\/03\/senatorul-catalin-silegeanu-isi-da-demisia-din-functiile-de-conducere-aur-un-sucevean-a-fost-desemnat-sa-coordoneze-botosaniul\/\" class=\"image-link media-ratio ratio-3-2\" title=\"Senatorul C\u0103t\u0103lin Silegeanu \u00ee\u0219i d\u0103 demisia din func\u021biile de conducere AUR: \u201eUn sucevean a fost desemnat s\u0103 coordoneze Boto\u0219aniul\u201d\"><img loading=\"lazy\" decoding=\"async\" width=\"364\" height=\"243\" src=\"https:\/\/banulbotosanean.ro\/wp-content\/uploads\/2025\/04\/Catalin_Silegeanu-2-450x338.jpeg\" class=\"attachment-bunyad-medium size-bunyad-medium wp-post-image\" alt=\"\" sizes=\"(max-width: 364px) 100vw, 364px\" title=\"Senatorul C\u0103t\u0103lin Silegeanu \u00ee\u0219i d\u0103 demisia din func\u021biile de conducere AUR: \u201eUn sucevean a fost desemnat s\u0103 coordoneze Boto\u0219aniul\u201d\" srcset=\"https:\/\/banulbotosanean.ro\/wp-content\/uploads\/2025\/04\/Catalin_Silegeanu-2-450x338.jpeg 450w, https:\/\/banulbotosanean.ro\/wp-content\/uploads\/2025\/04\/Catalin_Silegeanu-2-1024x768.jpeg 1024w, https:\/\/banulbotosanean.ro\/wp-content\/uploads\/2025\/04\/Catalin_Silegeanu-2-768x576.jpeg 768w, https:\/\/banulbotosanean.ro\/wp-content\/uploads\/2025\/04\/Catalin_Silegeanu-2-1536x1152.jpeg 1536w, https:\/\/banulbotosanean.ro\/wp-content\/uploads\/2025\/04\/Catalin_Silegeanu-2-1200x900.jpeg 1200w, https:\/\/banulbotosanean.ro\/wp-content\/uploads\/2025\/04\/Catalin_Silegeanu-2.jpeg 2048w\"><\/a>\t\t\t\n\t\t\t\n\t\t\t\n\t\t\t\t\t\t\t\n\t\t\t\t<span class=\"cat-labels cat-labels-overlay c-overlay p-bot-left\">\n\t\t\t\t<a href=\"https:\/\/banulbotosanean.ro\/index.php\/category\/stiri-botosani\/\" class=\"category term-color-4\" rel=\"category\" tabindex=\"-1\">Featured<\/a>\n\t\t\t<\/span>\n\t\t\t\t\t\t\n\t\t\t\n\t\t\n\t\t<\/div>\n\t\n\n\t\n\t\t<div class=\"content\">\n\n\t\t\t<div class=\"post-meta post-meta-a has-below\"><h2 class=\"is-title post-title\"><a href=\"https:\/\/banulbotosanean.ro\/index.php\/2026\/09\/03\/senatorul-catalin-silegeanu-isi-da-demisia-din-functiile-de-conducere-aur-un-sucevean-a-fost-desemnat-sa-coordoneze-botosaniul\/\">Senatorul C\u0103t\u0103lin Silegeanu \u00ee\u0219i d\u0103 demisia din func\u021biile de conducere AUR: \u201eUn sucevean a fost desemnat s\u0103 coordoneze Boto\u0219aniul\u201d<\/a><\/h2><div class=\"post-meta-items meta-below\"><span class=\"meta-item date\"><span class=\"date-link\"><time class=\"post-date\" datetime=\"2026-09-03T20:02:45+02:00\">3 septembrie 2026<\/time><\/span><\/span><\/div><\/div>\t\t\t\n\t\t\t\n\t\t\t\n\t\t<\/div>\n\n\t\n<\/article>\t\t\t\t\t\n<article class=\"l-post grid-post grid-base-post\">\n\n\t\n\t\t\t<div class=\"media\">\n\n\t\t\n\t\t\t<a href=\"https:\/\/banulbotosanean.ro\/index.php\/2026\/09\/03\/george-simion-neaga-inlocuirea-ariadnei-cirligeanu-la-sefia-aur-botosani-ramane-coordonator\/\" class=\"image-link media-ratio ratio-3-2\" title=\"George Simion neag\u0103 \u00eenlocuirea Ariadnei C\u00eerligeanu la \u0219efia AUR Boto\u0219ani: \u201eR\u0103m\u00e2ne coordonator\u201d\"><img loading=\"lazy\" decoding=\"async\" width=\"364\" height=\"243\" src=\"https:\/\/banulbotosanean.ro\/wp-content\/uploads\/2024\/12\/simion-silegeanu-450x300.jpg\" class=\"attachment-bunyad-medium size-bunyad-medium wp-post-image\" alt=\"\" sizes=\"(max-width: 364px) 100vw, 364px\" title=\"George Simion neag\u0103 \u00eenlocuirea Ariadnei C\u00eerligeanu la \u0219efia AUR Boto\u0219ani: \u201eR\u0103m\u00e2ne coordonator\u201d\" srcset=\"https:\/\/banulbotosanean.ro\/wp-content\/uploads\/2024\/12\/simion-silegeanu-450x300.jpg 450w, https:\/\/banulbotosanean.ro\/wp-content\/uploads\/2024\/12\/simion-silegeanu-300x200.jpg 300w, https:\/\/banulbotosanean.ro\/wp-content\/uploads\/2024\/12\/simion-silegeanu-1024x683.jpg 1024w, https:\/\/banulbotosanean.ro\/wp-content\/uploads\/2024\/12\/simion-silegeanu-768x512.jpg 768w, https:\/\/banulbotosanean.ro\/wp-content\/uploads\/2024\/12\/simion-silegeanu-1536x1024.jpg 1536w, https:\/\/banulbotosanean.ro\/wp-content\/uploads\/2024\/12\/simion-silegeanu-150x100.jpg 150w, https:\/\/banulbotosanean.ro\/wp-content\/uploads\/2024\/12\/simion-silegeanu-1200x800.jpg 1200w, https:\/\/banulbotosanean.ro\/wp-content\/uploads\/2024\/12\/simion-silegeanu.jpg 1600w\"><\/a>\t\t\t\n\t\t\t\n\t\t\t\n\t\t\t\t\t\t\t\n\t\t\t\t<span class=\"cat-labels cat-labels-overlay c-overlay p-bot-left\">\n\t\t\t\t<a href=\"https:\/\/banulbotosanean.ro\/index.php\/category\/stiri-botosani\/\" class=\"category term-color-4\" rel=\"category\" tabindex=\"-1\">Featured<\/a>\n\t\t\t<\/span>\n\t\t\t\t\t\t\n\t\t\t\n\t\t\n\t\t<\/div>\n\t\n\n\t\n\t\t<div class=\"content\">\n\n\t\t\t<div class=\"post-meta post-meta-a has-below\"><h2 class=\"is-title post-title\"><a href=\"https:\/\/banulbotosanean.ro\/index.php\/2026\/09\/03\/george-simion-neaga-inlocuirea-ariadnei-cirligeanu-la-sefia-aur-botosani-ramane-coordonator\/\">George Simion neag\u0103 \u00eenlocuirea Ariadnei C\u00eerligeanu la \u0219efia AUR Boto\u0219ani: \u201eR\u0103m\u00e2ne coordonator\u201d<\/a><\/h2><div class=\"post-meta-items meta-below\"><span class=\"meta-item date\"><span class=\"date-link\"><time class=\"post-date\" datetime=\"2026-09-03T19:26:40+02:00\">3 septembrie 2026<\/time><\/span><\/span><\/div><\/div>\t\t\t\n\t\t\t\n\t\t\t\n\t\t<\/div>\n\n\t\n<\/article>\t\t\n\t<\/div>\n\n\t\n\n\t<nav class=\"main-pagination pagination-numbers\" data-type=\"numbers-ajax\">\n\t\t<span aria-current=\"page\" class=\"page-numbers current\">1<\/span>\n<a class=\"page-numbers\" href=\"https:\/\/banulbotosanean.ro\/index.php\/wp-json\/wp\/v2\/pages\/4649\/page\/2\/\">2<\/a>\n<a class=\"page-numbers\" href=\"https:\/\/banulbotosanean.ro\/index.php\/wp-json\/wp\/v2\/pages\/4649\/page\/3\/\">3<\/a>\n<span class=\"page-numbers dots\">&hellip;<\/span>\n<a class=\"page-numbers\" href=\"https:\/\/banulbotosanean.ro\/index.php\/wp-json\/wp\/v2\/pages\/4649\/page\/519\/\">519<\/a>\n<a class=\"next page-numbers\" href=\"https:\/\/banulbotosanean.ro\/index.php\/wp-json\/wp\/v2\/pages\/4649\/page\/2\/\"><span class=\"visuallyhidden\">Next<\/span><i class=\"tsi tsi-angle-right\"><\/i><\/a>\t<\/nav>\n\n\n\t\n\t\t\t<\/div>\n\n\t\t<\/section>\n\t\t\t\t\t\t<\/div>\n\t\t\t\t<\/div>\n\t\t\t\t\t<\/div>\n\t\t<\/div>\n\t\t\t\t<div class=\"elementor-column elementor-col-33 elementor-top-column elementor-element elementor-element-36aec587 main-sidebar main-sidebar ts-sticky-col\" data-id=\"36aec587\" data-element_type=\"column\" data-e-type=\"column\">\n\t\t\t<div class=\"elementor-widget-wrap\">\n\t\t\t\t\t\t\t<\/div>\n\t\t<\/div>\n\t\t\t\t\t<\/div>\n\t\t<\/section>\n\t\t\t\t<section class=\"has-el-gap el-gap-default elementor-section elementor-top-section elementor-element elementor-element-29aebc05 elementor-section-full_width elementor-section-height-default elementor-section-height-default\" data-id=\"29aebc05\" data-element_type=\"section\" data-e-type=\"section\">\n\t\t\t\t\t\t<div class=\"elementor-container elementor-column-gap-no\">\n\t\t\t\t\t<div class=\"elementor-column elementor-col-100 elementor-top-column elementor-element elementor-element-29305d1b\" data-id=\"29305d1b\" data-element_type=\"column\" data-e-type=\"column\">\n\t\t\t<div class=\"elementor-widget-wrap elementor-element-populated\">\n\t\t\t\t\t\t<div class=\"elementor-element elementor-element-23719ab0 elementor-widget elementor-widget-smartmag-featgrid\" data-id=\"23719ab0\" data-element_type=\"widget\" data-e-type=\"widget\" data-widget_type=\"smartmag-featgrid.default\">\n\t\t\t\t<div class=\"elementor-widget-container\">\n\t\t\t\t\t\t\t<section class=\"block-wrap block-feat-grid block-sc mb-none\" data-id=\"7\">\n\n\t\t\t\t\n\t\t\t<div class=\"block-content\">\n\t\t\t\t\t\n<section class=\"feat-grid feat-grid-eq4 static feat-grid-full feat-grid-eq4-full feat-grid-ratio feat-grid-equals\">\n\n\t<div class=\"slides\" data-parallax>\n\t\n\t\n\t\t\t\t\t\n\t\t\t\t\t\t\t\n\t\t\t\t<div class=\"item item-main item-small item-1 pos-center pos-bot\">\n\n\t\t\t\t\t\n<article class=\"l-post grid-overlay grid-overlay-a hover-zoom\">\n\n\t\n\t\t\t<div class=\"media\">\n\n\t\t\n\t\t\t<a href=\"https:\/\/banulbotosanean.ro\/index.php\/2026\/09\/04\/ariadna-cirligeanu-despre-demisia-lui-silegeanu-a-fost-o-neintelegere-am-convingerea-ca-va-reveni-asupra-deciziei\/\" class=\"image-link\" title=\"Ariadna C\u00eerligeanu, despre demisia lui Silegeanu: \u201eA fost o ne\u00een\u021belegere. Am convingerea c\u0103 va reveni asupra deciziei\u201d\"><img loading=\"lazy\" decoding=\"async\" width=\"768\" height=\"576\" src=\"https:\/\/banulbotosanean.ro\/wp-content\/uploads\/2024\/08\/CatalinSilegeanu_AriadnaCarligeanu_AUR_Botosani-768x576.jpeg\" class=\"attachment-bunyad-768 size-bunyad-768 wp-post-image\" alt=\"\" sizes=\"(max-width: 550px) 100vw, 550px\" title=\"Ariadna C\u00eerligeanu, despre demisia lui Silegeanu: \u201eA fost o ne\u00een\u021belegere. Am convingerea c\u0103 va reveni asupra deciziei\u201d\" srcset=\"https:\/\/banulbotosanean.ro\/wp-content\/uploads\/2024\/08\/CatalinSilegeanu_AriadnaCarligeanu_AUR_Botosani-768x576.jpeg 768w, https:\/\/banulbotosanean.ro\/wp-content\/uploads\/2024\/08\/CatalinSilegeanu_AriadnaCarligeanu_AUR_Botosani-1024x768.jpeg 1024w, https:\/\/banulbotosanean.ro\/wp-content\/uploads\/2024\/08\/CatalinSilegeanu_AriadnaCarligeanu_AUR_Botosani-1536x1152.jpeg 1536w, https:\/\/banulbotosanean.ro\/wp-content\/uploads\/2024\/08\/CatalinSilegeanu_AriadnaCarligeanu_AUR_Botosani-1200x900.jpeg 1200w, https:\/\/banulbotosanean.ro\/wp-content\/uploads\/2024\/08\/CatalinSilegeanu_AriadnaCarligeanu_AUR_Botosani.jpeg 2048w\"><\/a>\t\t\t\n\t\t\t\n\t\t\t\n\t\t\t\n\t\t\n\t\t<\/div>\n\t\n\n\t\t\t<div class=\"content-wrap\">\n\t\n\t\t<div class=\"content\">\n\n\t\t\t<div class=\"post-meta post-meta-a meta-contrast has-below\"><div class=\"post-meta-items meta-above\"><span class=\"meta-item cat-labels\">\n\t\t\t\t\t\t\n\t\t\t\t\t\t<a href=\"https:\/\/banulbotosanean.ro\/index.php\/category\/stiri-botosani\/\" class=\"category term-color-4\" rel=\"category\" tabindex=\"-1\">Featured<\/a>\n\t\t\t\t\t<\/span>\n\t\t\t\t\t<\/div><h2 class=\"is-title post-title\"><a href=\"https:\/\/banulbotosanean.ro\/index.php\/2026\/09\/04\/ariadna-cirligeanu-despre-demisia-lui-silegeanu-a-fost-o-neintelegere-am-convingerea-ca-va-reveni-asupra-deciziei\/\">Ariadna C\u00eerligeanu, despre demisia lui Silegeanu: \u201eA fost o ne\u00een\u021belegere. Am convingerea c\u0103 va reveni asupra deciziei\u201d<\/a><\/h2><div class=\"post-meta-items meta-below\"><span class=\"meta-item post-author\"><a href=\"https:\/\/banulbotosanean.ro\/author\/admin_d8io9be9\/\" rel=\"author\"><\/a><\/span><span class=\"meta-item date\"><span class=\"date-link\"><time class=\"post-date\" datetime=\"2026-09-04T12:09:11+02:00\">4 septembrie 2026<\/time><\/span><\/span><\/div><\/div>\t\t\t\n\t\t\t\n\t\t\t\n\t\t<\/div>\n\n\t\t\t<\/div>\n\t\n<\/article>\n\t\t\t\t<\/div>\n\t\t\t\t\t\t\t\n\t\t\t\t\t\t\t\n\t\t\n\t\n\t\t\t\t\t\n\t\t\t\t\t\t\t\n\t\t\t\t<div class=\"item item-main item-small item-2 pos-center pos-bot\">\n\n\t\t\t\t\t\n<article class=\"l-post grid-overlay grid-overlay-a hover-zoom\">\n\n\t\n\t\t\t<div class=\"media\">\n\n\t\t\n\t\t\t<a href=\"https:\/\/banulbotosanean.ro\/index.php\/2026\/09\/03\/senatorul-catalin-silegeanu-isi-da-demisia-din-functiile-de-conducere-aur-un-sucevean-a-fost-desemnat-sa-coordoneze-botosaniul\/\" class=\"image-link\" title=\"Senatorul C\u0103t\u0103lin Silegeanu \u00ee\u0219i d\u0103 demisia din func\u021biile de conducere AUR: \u201eUn sucevean a fost desemnat s\u0103 coordoneze Boto\u0219aniul\u201d\"><img loading=\"lazy\" decoding=\"async\" width=\"768\" height=\"576\" src=\"https:\/\/banulbotosanean.ro\/wp-content\/uploads\/2025\/04\/Catalin_Silegeanu-2-768x576.jpeg\" class=\"attachment-bunyad-768 size-bunyad-768 wp-post-image\" alt=\"\" sizes=\"(max-width: 550px) 100vw, 550px\" title=\"Senatorul C\u0103t\u0103lin Silegeanu \u00ee\u0219i d\u0103 demisia din func\u021biile de conducere AUR: \u201eUn sucevean a fost desemnat s\u0103 coordoneze Boto\u0219aniul\u201d\" srcset=\"https:\/\/banulbotosanean.ro\/wp-content\/uploads\/2025\/04\/Catalin_Silegeanu-2-768x576.jpeg 768w, https:\/\/banulbotosanean.ro\/wp-content\/uploads\/2025\/04\/Catalin_Silegeanu-2-1024x768.jpeg 1024w, https:\/\/banulbotosanean.ro\/wp-content\/uploads\/2025\/04\/Catalin_Silegeanu-2-1536x1152.jpeg 1536w, https:\/\/banulbotosanean.ro\/wp-content\/uploads\/2025\/04\/Catalin_Silegeanu-2-1200x900.jpeg 1200w, https:\/\/banulbotosanean.ro\/wp-content\/uploads\/2025\/04\/Catalin_Silegeanu-2.jpeg 2048w\"><\/a>\t\t\t\n\t\t\t\n\t\t\t\n\t\t\t\n\t\t\n\t\t<\/div>\n\t\n\n\t\t\t<div class=\"content-wrap\">\n\t\n\t\t<div class=\"content\">\n\n\t\t\t<div class=\"post-meta post-meta-a meta-contrast has-below\"><div class=\"post-meta-items meta-above\"><span class=\"meta-item cat-labels\">\n\t\t\t\t\t\t\n\t\t\t\t\t\t<a href=\"https:\/\/banulbotosanean.ro\/index.php\/category\/stiri-botosani\/\" class=\"category term-color-4\" rel=\"category\" tabindex=\"-1\">Featured<\/a>\n\t\t\t\t\t<\/span>\n\t\t\t\t\t<\/div><h2 class=\"is-title post-title\"><a href=\"https:\/\/banulbotosanean.ro\/index.php\/2026\/09\/03\/senatorul-catalin-silegeanu-isi-da-demisia-din-functiile-de-conducere-aur-un-sucevean-a-fost-desemnat-sa-coordoneze-botosaniul\/\">Senatorul C\u0103t\u0103lin Silegeanu \u00ee\u0219i d\u0103 demisia din func\u021biile de conducere AUR: \u201eUn sucevean a fost desemnat s\u0103 coordoneze Boto\u0219aniul\u201d<\/a><\/h2><div class=\"post-meta-items meta-below\"><span class=\"meta-item post-author\"><a href=\"https:\/\/banulbotosanean.ro\/author\/admin_d8io9be9\/\" rel=\"author\"><\/a><\/span><span class=\"meta-item date\"><span class=\"date-link\"><time class=\"post-date\" datetime=\"2026-09-03T20:02:45+02:00\">3 septembrie 2026<\/time><\/span><\/span><\/div><\/div>\t\t\t\n\t\t\t\n\t\t\t\n\t\t<\/div>\n\n\t\t\t<\/div>\n\t\n<\/article>\n\t\t\t\t<\/div>\n\t\t\t\t\t\t\t\n\t\t\t\t\t\t\t\n\t\t\n\t\n\t\t\t\t\t\n\t\t\t\t\t\t\t\n\t\t\t\t<div class=\"item item-main item-small item-3 pos-center pos-bot\">\n\n\t\t\t\t\t\n<article class=\"l-post grid-overlay grid-overlay-a hover-zoom\">\n\n\t\n\t\t\t<div class=\"media\">\n\n\t\t\n\t\t\t<a href=\"https:\/\/banulbotosanean.ro\/index.php\/2026\/09\/03\/george-simion-neaga-inlocuirea-ariadnei-cirligeanu-la-sefia-aur-botosani-ramane-coordonator\/\" class=\"image-link\" title=\"George Simion neag\u0103 \u00eenlocuirea Ariadnei C\u00eerligeanu la \u0219efia AUR Boto\u0219ani: \u201eR\u0103m\u00e2ne coordonator\u201d\"><img loading=\"lazy\" decoding=\"async\" width=\"768\" height=\"512\" src=\"https:\/\/banulbotosanean.ro\/wp-content\/uploads\/2024\/12\/simion-silegeanu-768x512.jpg\" class=\"attachment-bunyad-768 size-bunyad-768 wp-post-image\" alt=\"\" sizes=\"(max-width: 550px) 100vw, 550px\" title=\"George Simion neag\u0103 \u00eenlocuirea Ariadnei C\u00eerligeanu la \u0219efia AUR Boto\u0219ani: \u201eR\u0103m\u00e2ne coordonator\u201d\" srcset=\"https:\/\/banulbotosanean.ro\/wp-content\/uploads\/2024\/12\/simion-silegeanu-768x512.jpg 768w, https:\/\/banulbotosanean.ro\/wp-content\/uploads\/2024\/12\/simion-silegeanu-1024x683.jpg 1024w, https:\/\/banulbotosanean.ro\/wp-content\/uploads\/2024\/12\/simion-silegeanu-1536x1024.jpg 1536w, https:\/\/banulbotosanean.ro\/wp-content\/uploads\/2024\/12\/simion-silegeanu-1200x800.jpg 1200w, https:\/\/banulbotosanean.ro\/wp-content\/uploads\/2024\/12\/simion-silegeanu.jpg 1600w\"><\/a>\t\t\t\n\t\t\t\n\t\t\t\n\t\t\t\n\t\t\n\t\t<\/div>\n\t\n\n\t\t\t<div class=\"content-wrap\">\n\t\n\t\t<div class=\"content\">\n\n\t\t\t<div class=\"post-meta post-meta-a meta-contrast has-below\"><div class=\"post-meta-items meta-above\"><span class=\"meta-item cat-labels\">\n\t\t\t\t\t\t\n\t\t\t\t\t\t<a href=\"https:\/\/banulbotosanean.ro\/index.php\/category\/stiri-botosani\/\" class=\"category term-color-4\" rel=\"category\" tabindex=\"-1\">Featured<\/a>\n\t\t\t\t\t<\/span>\n\t\t\t\t\t<\/div><h2 class=\"is-title post-title\"><a href=\"https:\/\/banulbotosanean.ro\/index.php\/2026\/09\/03\/george-simion-neaga-inlocuirea-ariadnei-cirligeanu-la-sefia-aur-botosani-ramane-coordonator\/\">George Simion neag\u0103 \u00eenlocuirea Ariadnei C\u00eerligeanu la \u0219efia AUR Boto\u0219ani: \u201eR\u0103m\u00e2ne coordonator\u201d<\/a><\/h2><div class=\"post-meta-items meta-below\"><span class=\"meta-item post-author\"><a href=\"https:\/\/banulbotosanean.ro\/author\/admin_d8io9be9\/\" rel=\"author\"><\/a><\/span><span class=\"meta-item date\"><span class=\"date-link\"><time class=\"post-date\" datetime=\"2026-09-03T19:26:40+02:00\">3 septembrie 2026<\/time><\/span><\/span><\/div><\/div>\t\t\t\n\t\t\t\n\t\t\t\n\t\t<\/div>\n\n\t\t\t<\/div>\n\t\n<\/article>\n\t\t\t\t<\/div>\n\t\t\t\t\t\t\t\n\t\t\t\t\t\t\t\n\t\t\n\t\n\t\t\t\t\t\n\t\t\t\t\t\t\t\n\t\t\t\t<div class=\"item item-main item-small item-4 pos-center pos-bot\">\n\n\t\t\t\t\t\n<article class=\"l-post grid-overlay grid-overlay-a hover-zoom\">\n\n\t\n\t\t\t<div class=\"media\">\n\n\t\t\n\t\t\t<a href=\"https:\/\/banulbotosanean.ro\/index.php\/2026\/09\/03\/lucrari-de-apa-si-canalizare-scoase-la-licitatie-pentru-satele-nicseni-si-dorobanti\/\" class=\"image-link\" title=\"Lucr\u0103ri de ap\u0103 \u0219i canalizare scoase la licita\u021bie pentru satele Nic\u0219eni \u0219i Doroban\u021bi\"><img loading=\"lazy\" decoding=\"async\" width=\"235\" height=\"214\" src=\"https:\/\/banulbotosanean.ro\/wp-content\/uploads\/2025\/02\/apa-canalizare.jpeg\" class=\"attachment-large size-large wp-post-image\" alt=\"\" sizes=\"(max-width: 550px) 100vw, 550px\" title=\"Lucr\u0103ri de ap\u0103 \u0219i canalizare scoase la licita\u021bie pentru satele Nic\u0219eni \u0219i Doroban\u021bi\" srcset=\"https:\/\/banulbotosanean.ro\/wp-content\/uploads\/2025\/02\/apa-canalizare.jpeg 235w, https:\/\/banulbotosanean.ro\/wp-content\/uploads\/2025\/02\/apa-canalizare-150x137.jpeg 150w\"><\/a>\t\t\t\n\t\t\t\n\t\t\t\n\t\t\t\n\t\t\n\t\t<\/div>\n\t\n\n\t\t\t<div class=\"content-wrap\">\n\t\n\t\t<div class=\"content\">\n\n\t\t\t<div class=\"post-meta post-meta-a meta-contrast has-below\"><div class=\"post-meta-items meta-above\"><span class=\"meta-item cat-labels\">\n\t\t\t\t\t\t\n\t\t\t\t\t\t<a href=\"https:\/\/banulbotosanean.ro\/index.php\/category\/administratie\/\" class=\"category term-color-10\" rel=\"category\" tabindex=\"-1\">Administratie<\/a>\n\t\t\t\t\t<\/span>\n\t\t\t\t\t<\/div><h2 class=\"is-title post-title\"><a href=\"https:\/\/banulbotosanean.ro\/index.php\/2026\/09\/03\/lucrari-de-apa-si-canalizare-scoase-la-licitatie-pentru-satele-nicseni-si-dorobanti\/\">Lucr\u0103ri de ap\u0103 \u0219i canalizare scoase la licita\u021bie pentru satele Nic\u0219eni \u0219i Doroban\u021bi<\/a><\/h2><div class=\"post-meta-items meta-below\"><span class=\"meta-item post-author\"><a href=\"https:\/\/banulbotosanean.ro\/author\/admin_d8io9be9\/\" rel=\"author\"><\/a><\/span><span class=\"meta-item date\"><span class=\"date-link\"><time class=\"post-date\" datetime=\"2026-09-03T17:07:38+02:00\">3 septembrie 2026<\/time><\/span><\/span><\/div><\/div>\t\t\t\n\t\t\t\n\t\t\t\n\t\t<\/div>\n\n\t\t\t<\/div>\n\t\n<\/article>\n\t\t\t\t<\/div>\n\t\t\t\t\t\t\t\n\t\t\t\t\t\t\t\n\t\t\n\t\t<\/div>\n\n<\/section>\n\t\t\t<\/div>\n\n\t\t<\/section>\n\t\t\t\t\t\t<\/div>\n\t\t\t\t<\/div>\n\t\t\t\t\t<\/div>\n\t\t<\/div>\n\t\t\t\t\t<\/div>\n\t\t<\/section>\n\t\t\t\t<\/div>\n\t\t","protected":false},"excerpt":{"rendered":"<p>Featured Jitaru \u00eel acuz\u0103 pe Marius Bud\u0103i: \u201eMinistru cu rezultate care tind spre 0, dup\u0103 cum bine \u0219tie toat\u0103 lumea\u201d admin25 august 2026 Featured Street FOOD Festival revine la Boto\u0219ani cu o edi\u021bie aniversar\u0103 \u0219i un show de drone \u00een premier\u0103, \u00eentre 27 \u0219i 30 august pe Pietonalul Unirii! admin25 august 2026 Featured C\u0103t\u0103lin Silegeanu:<\/p>\n","protected":false},"author":1,"featured_media":0,"parent":0,"menu_order":0,"comment_status":"closed","ping_status":"closed","template":"page-templates\/no-wrapper.php","meta":{"footnotes":""},"class_list":["post-4649","page","type-page","status-publish"],"_links":{"self":[{"href":"https:\/\/banulbotosanean.ro\/index.php\/wp-json\/wp\/v2\/pages\/4649","targetHints":{"allow":["GET"]}}],"collection":[{"href":"https:\/\/banulbotosanean.ro\/index.php\/wp-json\/wp\/v2\/pages"}],"about":[{"href":"https:\/\/banulbotosanean.ro\/index.php\/wp-json\/wp\/v2\/types\/page"}],"author":[{"embeddable":true,"href":"https:\/\/banulbotosanean.ro\/index.php\/wp-json\/wp\/v2\/users\/1"}],"replies":[{"embeddable":true,"href":"https:\/\/banulbotosanean.ro\/index.php\/wp-json\/wp\/v2\/comments?post=4649"}],"version-history":[{"count":327,"href":"https:\/\/banulbotosanean.ro\/index.php\/wp-json\/wp\/v2\/pages\/4649\/revisions"}],"predecessor-version":[{"id":21376,"href":"https:\/\/banulbotosanean.ro\/index.php\/wp-json\/wp\/v2\/pages\/4649\/revisions\/21376"}],"wp:attachment":[{"href":"https:\/\/banulbotosanean.ro\/index.php\/wp-json\/wp\/v2\/media?parent=4649"}],"curies":[{"name":"wp","href":"https:\/\/api.w.org\/{rel}","templated":true}]}}